{"id":186,"date":"2020-02-18T12:24:02","date_gmt":"2020-02-18T11:24:02","guid":{"rendered":"https:\/\/usurbiltzen.eus\/?page_id=186"},"modified":"2020-02-18T12:26:26","modified_gmt":"2020-02-18T11:26:26","slug":"mensaje-de-la-alcaldesa","status":"publish","type":"page","link":"https:\/\/usurbiltzen.eus\/es\/mensaje-de-la-alcaldesa\/","title":{"rendered":"Mensaje de la alcaldesa"},"content":{"rendered":"\t\t<div data-elementor-type=\"wp-page\" data-elementor-id=\"186\" class=\"elementor elementor-186 elementor-17\">\n\t\t\t\t\t\t<section class=\"elementor-section elementor-top-section elementor-element elementor-element-965efba elementor-section-stretched elementor-section-full_width elementor-section-height-default elementor-section-height-default\" data-id=\"965efba\" data-element_type=\"section\" data-e-type=\"section\" data-settings=\"{&quot;stretch_section&quot;:&quot;section-stretched&quot;}\">\n\t\t\t\t\t\t<div class=\"elementor-container elementor-column-gap-no\">\n\t\t\t\t\t<div class=\"elementor-column elementor-col-100 elementor-top-column elementor-element elementor-element-d69d37f\" data-id=\"d69d37f\" data-element_type=\"column\" data-e-type=\"column\">\n\t\t\t<div class=\"elementor-widget-wrap elementor-element-populated\">\n\t\t\t\t\t\t<div class=\"elementor-element elementor-element-1865623 elementor-widget elementor-widget-image\" data-id=\"1865623\" data-element_type=\"widget\" data-e-type=\"widget\" data-widget_type=\"image.default\">\n\t\t\t\t<div class=\"elementor-widget-container\">\n\t\t\t\t\t\t\t\t\t\t\t\t\t\t\t<img fetchpriority=\"high\" decoding=\"async\" width=\"1200\" height=\"313\" src=\"https:\/\/usurbiltzen.eus\/wp-content\/uploads\/2020\/01\/usurbil-airetik-1200x313.jpg\" class=\"attachment-large size-large wp-image-98\" alt=\"\" srcset=\"https:\/\/usurbiltzen.eus\/wp-content\/uploads\/2020\/01\/usurbil-airetik-1200x313.jpg 1200w, https:\/\/usurbiltzen.eus\/wp-content\/uploads\/2020\/01\/usurbil-airetik-600x156.jpg 600w, https:\/\/usurbiltzen.eus\/wp-content\/uploads\/2020\/01\/usurbil-airetik-768x200.jpg 768w, https:\/\/usurbiltzen.eus\/wp-content\/uploads\/2020\/01\/usurbil-airetik-500x130.jpg 500w, https:\/\/usurbiltzen.eus\/wp-content\/uploads\/2020\/01\/usurbil-airetik-800x208.jpg 800w, https:\/\/usurbiltzen.eus\/wp-content\/uploads\/2020\/01\/usurbil-airetik-1280x333.jpg 1280w, https:\/\/usurbiltzen.eus\/wp-content\/uploads\/2020\/01\/usurbil-airetik-1536x400.jpg 1536w, https:\/\/usurbiltzen.eus\/wp-content\/uploads\/2020\/01\/usurbil-airetik.jpg 1920w\" sizes=\"(max-width: 1200px) 100vw, 1200px\" \/>\t\t\t\t\t\t\t\t\t\t\t\t\t\t\t<\/div>\n\t\t\t\t<\/div>\n\t\t\t\t\t<\/div>\n\t\t<\/div>\n\t\t\t\t\t<\/div>\n\t\t<\/section>\n\t\t\t\t<section class=\"elementor-section elementor-top-section elementor-element elementor-element-e3ee0a6 elementor-section-boxed elementor-section-height-default elementor-section-height-default\" data-id=\"e3ee0a6\" data-element_type=\"section\" data-e-type=\"section\" data-settings=\"{&quot;background_background&quot;:&quot;classic&quot;}\">\n\t\t\t\t\t\t\t<div class=\"elementor-background-overlay\"><\/div>\n\t\t\t\t\t\t\t<div class=\"elementor-container elementor-column-gap-default\">\n\t\t\t\t\t<div class=\"elementor-column elementor-col-50 elementor-top-column elementor-element elementor-element-d4d2b4a\" data-id=\"d4d2b4a\" data-element_type=\"column\" data-e-type=\"column\">\n\t\t\t<div class=\"elementor-widget-wrap elementor-element-populated\">\n\t\t\t\t\t\t<div class=\"elementor-element elementor-element-b829bf3 elementor-widget elementor-widget-text-editor\" data-id=\"b829bf3\" data-element_type=\"widget\" data-e-type=\"widget\" data-widget_type=\"text-editor.default\">\n\t\t\t\t<div class=\"elementor-widget-container\">\n\t\t\t\t\t\t\t\t\t<p>Sobre la base de la cosecha y el legado de nuestros predecesores, y del mandato electoral de los ciudadanos en el horizonte, hemos elaborado un Plan de Legislatura para seguir dibujando, tejiendo y construyendo el futuro de este pueblo d\u00eda a d\u00eda. Este documento propone una concepci\u00f3n popular, un relato, una meta, muchos compromisos y 130 nuevos proyectos imprescindibles para su desarrollo. Sin embargo, no es el principio de nada, sino, como ya se ha dicho, la continuaci\u00f3n. Se trata, desde la misma voluntad de los anteriores, de profundizar en nuestro proyecto de pa\u00eds, enriquecer nuestro proyecto de pa\u00eds, proponer proyectos nuevos e innovadores y ponerlos en marcha. Ejercicio de ordenar el trabajo a realizar en estos cuatro a\u00f1os.<br \/><br \/>En cualquier caso, adem\u00e1s de ser la hoja de ruta de la legislatura reci\u00e9n iniciada, tambi\u00e9n es una invitaci\u00f3n a la colaboraci\u00f3n: a recorrer el camino juntos, con todos los usurbildarras. En auzolan, construir el pueblo. Construyendo Usurbil, soberano, Usurbiltzen. Porque s\u00f3lo con sentirnos, pensar y actuar juntos seremos pueblo.<br \/><br \/><\/p><p><strong>Agurtzane Solaberrieta Mesa<\/strong><br \/><em>Alcaldesa de Usurbil<br \/><\/em><\/p>\t\t\t\t\t\t\t\t<\/div>\n\t\t\t\t<\/div>\n\t\t\t\t\t<\/div>\n\t\t<\/div>\n\t\t\t\t<div class=\"elementor-column elementor-col-50 elementor-top-column elementor-element elementor-element-2147089\" data-id=\"2147089\" data-element_type=\"column\" data-e-type=\"column\">\n\t\t\t<div class=\"elementor-widget-wrap elementor-element-populated\">\n\t\t\t\t\t\t<div class=\"elementor-element elementor-element-b7d7722 elementor-widget elementor-widget-image\" data-id=\"b7d7722\" data-element_type=\"widget\" data-e-type=\"widget\" data-widget_type=\"image.default\">\n\t\t\t\t<div class=\"elementor-widget-container\">\n\t\t\t\t\t\t\t\t\t\t\t\t\t\t\t<img decoding=\"async\" width=\"669\" height=\"800\" src=\"https:\/\/usurbiltzen.eus\/wp-content\/uploads\/2020\/01\/Agurtzane-669x800.jpg\" class=\"attachment-large size-large wp-image-19\" alt=\"\" srcset=\"https:\/\/usurbiltzen.eus\/wp-content\/uploads\/2020\/01\/Agurtzane-669x800.jpg 669w, https:\/\/usurbiltzen.eus\/wp-content\/uploads\/2020\/01\/Agurtzane-502x600.jpg 502w, https:\/\/usurbiltzen.eus\/wp-content\/uploads\/2020\/01\/Agurtzane-768x918.jpg 768w, https:\/\/usurbiltzen.eus\/wp-content\/uploads\/2020\/01\/Agurtzane-418x500.jpg 418w, https:\/\/usurbiltzen.eus\/wp-content\/uploads\/2020\/01\/Agurtzane.jpg 1004w\" sizes=\"(max-width: 669px) 100vw, 669px\" \/>\t\t\t\t\t\t\t\t\t\t\t\t\t\t\t<\/div>\n\t\t\t\t<\/div>\n\t\t\t\t\t<\/div>\n\t\t<\/div>\n\t\t\t\t\t<\/div>\n\t\t<\/section>\n\t\t\t\t<\/div>\n\t\t","protected":false},"excerpt":{"rendered":"<p>Sobre la base de la cosecha y el legado de nuestros predecesores, y del mandato electoral de los ciudadanos en el horizonte, hemos elaborado un Plan de Legislatura para seguir dibujando, tejiendo y construyendo el futuro de este pueblo d\u00eda a d\u00eda. Este documento propone una concepci\u00f3n popular, un relato, una meta, muchos compromisos y [&hellip;]<\/p>\n","protected":false},"author":1,"featured_media":0,"parent":0,"menu_order":0,"comment_status":"closed","ping_status":"closed","template":"","meta":{"site-sidebar-layout":"no-sidebar","site-content-layout":"page-builder","ast-site-content-layout":"default","site-content-style":"default","site-sidebar-style":"default","ast-global-header-display":"","ast-banner-title-visibility":"","ast-main-header-display":"","ast-hfb-above-header-display":"","ast-hfb-below-header-display":"","ast-hfb-mobile-header-display":"","site-post-title":"disabled","ast-breadcrumbs-content":"","ast-featured-img":"","footer-sml-layout":"","ast-disable-related-posts":"","theme-transparent-header-meta":"default","adv-header-id-meta":"","stick-header-meta":"","header-above-stick-meta":"","header-main-stick-meta":"","header-below-stick-meta":"","astra-migrate-meta-layouts":"default","ast-page-background-enabled":"default","ast-page-background-meta":{"desktop":{"background-color":"","background-image":"","background-repeat":"repeat","background-position":"center center","background-size":"auto","background-attachment":"scroll","background-type":"","background-media":"","overlay-type":"","overlay-color":"","overlay-opacity":"","overlay-gradient":""},"tablet":{"background-color":"","background-image":"","background-repeat":"repeat","background-position":"center center","background-size":"auto","background-attachment":"scroll","background-type":"","background-media":"","overlay-type":"","overlay-color":"","overlay-opacity":"","overlay-gradient":""},"mobile":{"background-color":"","background-image":"","background-repeat":"repeat","background-position":"center center","background-size":"auto","background-attachment":"scroll","background-type":"","background-media":"","overlay-type":"","overlay-color":"","overlay-opacity":"","overlay-gradient":""}},"ast-content-background-meta":{"desktop":{"background-color":"var(--ast-global-color-5)","background-image":"","background-repeat":"repeat","background-position":"center center","background-size":"auto","background-attachment":"scroll","background-type":"","background-media":"","overlay-type":"","overlay-color":"","overlay-opacity":"","overlay-gradient":""},"tablet":{"background-color":"var(--ast-global-color-5)","background-image":"","background-repeat":"repeat","background-position":"center center","background-size":"auto","background-attachment":"scroll","background-type":"","background-media":"","overlay-type":"","overlay-color":"","overlay-opacity":"","overlay-gradient":""},"mobile":{"background-color":"var(--ast-global-color-5)","background-image":"","background-repeat":"repeat","background-position":"center center","background-size":"auto","background-attachment":"scroll","background-type":"","background-media":"","overlay-type":"","overlay-color":"","overlay-opacity":"","overlay-gradient":""}},"_vp_format_video_url":"","_vp_image_focal_point":[],"footnotes":""},"class_list":["post-186","page","type-page","status-publish","hentry"],"yoast_head":"<!-- This site is optimized with the Yoast SEO plugin v27.3 - https:\/\/yoast.com\/product\/yoast-seo-wordpress\/ -->\n<title>Mensaje de la alcaldesa - Usurbiltzen<\/title>\n<meta name=\"robots\" content=\"index, follow, max-snippet:-1, max-image-preview:large, max-video-preview:-1\" \/>\n<link rel=\"canonical\" href=\"https:\/\/usurbiltzen.eus\/es\/mensaje-de-la-alcaldesa\/\" \/>\n<meta property=\"og:locale\" content=\"es_ES\" \/>\n<meta property=\"og:type\" content=\"article\" \/>\n<meta property=\"og:title\" content=\"Mensaje de la alcaldesa - Usurbiltzen\" \/>\n<meta property=\"og:description\" content=\"Sobre la base de la cosecha y el legado de nuestros predecesores, y del mandato electoral de los ciudadanos en el horizonte, hemos elaborado un Plan de Legislatura para seguir dibujando, tejiendo y construyendo el futuro de este pueblo d\u00eda a d\u00eda. Este documento propone una concepci\u00f3n popular, un relato, una meta, muchos compromisos y [&hellip;]\" \/>\n<meta property=\"og:url\" content=\"https:\/\/usurbiltzen.eus\/es\/mensaje-de-la-alcaldesa\/\" \/>\n<meta property=\"og:site_name\" content=\"Usurbiltzen\" \/>\n<meta property=\"article:modified_time\" content=\"2020-02-18T11:26:26+00:00\" \/>\n<meta property=\"og:image\" content=\"https:\/\/usurbiltzen.eus\/wp-content\/uploads\/2020\/01\/usurbil-airetik-1200x313.jpg\" \/>\n<meta name=\"twitter:card\" content=\"summary_large_image\" \/>\n<meta name=\"twitter:label1\" content=\"Tiempo de lectura\" \/>\n\t<meta name=\"twitter:data1\" content=\"1 minuto\" \/>\n<script type=\"application\/ld+json\" class=\"yoast-schema-graph\">{\"@context\":\"https:\\\/\\\/schema.org\",\"@graph\":[{\"@type\":\"WebPage\",\"@id\":\"https:\\\/\\\/usurbiltzen.eus\\\/es\\\/mensaje-de-la-alcaldesa\\\/\",\"url\":\"https:\\\/\\\/usurbiltzen.eus\\\/es\\\/mensaje-de-la-alcaldesa\\\/\",\"name\":\"Mensaje de la alcaldesa - Usurbiltzen\",\"isPartOf\":{\"@id\":\"https:\\\/\\\/usurbiltzen.eus\\\/#website\"},\"primaryImageOfPage\":{\"@id\":\"https:\\\/\\\/usurbiltzen.eus\\\/es\\\/mensaje-de-la-alcaldesa\\\/#primaryimage\"},\"image\":{\"@id\":\"https:\\\/\\\/usurbiltzen.eus\\\/es\\\/mensaje-de-la-alcaldesa\\\/#primaryimage\"},\"thumbnailUrl\":\"https:\\\/\\\/usurbiltzen.eus\\\/wp-content\\\/uploads\\\/2020\\\/01\\\/usurbil-airetik-1200x313.jpg\",\"datePublished\":\"2020-02-18T11:24:02+00:00\",\"dateModified\":\"2020-02-18T11:26:26+00:00\",\"breadcrumb\":{\"@id\":\"https:\\\/\\\/usurbiltzen.eus\\\/es\\\/mensaje-de-la-alcaldesa\\\/#breadcrumb\"},\"inLanguage\":\"es\",\"potentialAction\":[{\"@type\":\"ReadAction\",\"target\":[\"https:\\\/\\\/usurbiltzen.eus\\\/es\\\/mensaje-de-la-alcaldesa\\\/\"]}]},{\"@type\":\"ImageObject\",\"inLanguage\":\"es\",\"@id\":\"https:\\\/\\\/usurbiltzen.eus\\\/es\\\/mensaje-de-la-alcaldesa\\\/#primaryimage\",\"url\":\"https:\\\/\\\/usurbiltzen.eus\\\/wp-content\\\/uploads\\\/2020\\\/01\\\/usurbil-airetik-1200x313.jpg\",\"contentUrl\":\"https:\\\/\\\/usurbiltzen.eus\\\/wp-content\\\/uploads\\\/2020\\\/01\\\/usurbil-airetik-1200x313.jpg\"},{\"@type\":\"BreadcrumbList\",\"@id\":\"https:\\\/\\\/usurbiltzen.eus\\\/es\\\/mensaje-de-la-alcaldesa\\\/#breadcrumb\",\"itemListElement\":[{\"@type\":\"ListItem\",\"position\":1,\"name\":\"Home\",\"item\":\"https:\\\/\\\/usurbiltzen.eus\\\/es\\\/\"},{\"@type\":\"ListItem\",\"position\":2,\"name\":\"Mensaje de la alcaldesa\"}]},{\"@type\":\"WebSite\",\"@id\":\"https:\\\/\\\/usurbiltzen.eus\\\/#website\",\"url\":\"https:\\\/\\\/usurbiltzen.eus\\\/\",\"name\":\"Usurbiltzen\",\"description\":\"Legealdiko plana\",\"publisher\":{\"@id\":\"https:\\\/\\\/usurbiltzen.eus\\\/#organization\"},\"potentialAction\":[{\"@type\":\"SearchAction\",\"target\":{\"@type\":\"EntryPoint\",\"urlTemplate\":\"https:\\\/\\\/usurbiltzen.eus\\\/?s={search_term_string}\"},\"query-input\":{\"@type\":\"PropertyValueSpecification\",\"valueRequired\":true,\"valueName\":\"search_term_string\"}}],\"inLanguage\":\"es\"},{\"@type\":\"Organization\",\"@id\":\"https:\\\/\\\/usurbiltzen.eus\\\/#organization\",\"name\":\"Usurbiltzen\",\"url\":\"https:\\\/\\\/usurbiltzen.eus\\\/\",\"logo\":{\"@type\":\"ImageObject\",\"inLanguage\":\"es\",\"@id\":\"https:\\\/\\\/usurbiltzen.eus\\\/#\\\/schema\\\/logo\\\/image\\\/\",\"url\":\"https:\\\/\\\/usurbiltzen.eus\\\/wp-content\\\/uploads\\\/2020\\\/01\\\/cropped-Usurbiltzen-logotipoa.png\",\"contentUrl\":\"https:\\\/\\\/usurbiltzen.eus\\\/wp-content\\\/uploads\\\/2020\\\/01\\\/cropped-Usurbiltzen-logotipoa.png\",\"width\":512,\"height\":512,\"caption\":\"Usurbiltzen\"},\"image\":{\"@id\":\"https:\\\/\\\/usurbiltzen.eus\\\/#\\\/schema\\\/logo\\\/image\\\/\"}}]}<\/script>\n<!-- \/ Yoast SEO plugin. -->","yoast_head_json":{"title":"Mensaje de la alcaldesa - Usurbiltzen","robots":{"index":"index","follow":"follow","max-snippet":"max-snippet:-1","max-image-preview":"max-image-preview:large","max-video-preview":"max-video-preview:-1"},"canonical":"https:\/\/usurbiltzen.eus\/es\/mensaje-de-la-alcaldesa\/","og_locale":"es_ES","og_type":"article","og_title":"Mensaje de la alcaldesa - Usurbiltzen","og_description":"Sobre la base de la cosecha y el legado de nuestros predecesores, y del mandato electoral de los ciudadanos en el horizonte, hemos elaborado un Plan de Legislatura para seguir dibujando, tejiendo y construyendo el futuro de este pueblo d\u00eda a d\u00eda. Este documento propone una concepci\u00f3n popular, un relato, una meta, muchos compromisos y [&hellip;]","og_url":"https:\/\/usurbiltzen.eus\/es\/mensaje-de-la-alcaldesa\/","og_site_name":"Usurbiltzen","article_modified_time":"2020-02-18T11:26:26+00:00","og_image":[{"url":"https:\/\/usurbiltzen.eus\/wp-content\/uploads\/2020\/01\/usurbil-airetik-1200x313.jpg","type":"","width":"","height":""}],"twitter_card":"summary_large_image","twitter_misc":{"Tiempo de lectura":"1 minuto"},"schema":{"@context":"https:\/\/schema.org","@graph":[{"@type":"WebPage","@id":"https:\/\/usurbiltzen.eus\/es\/mensaje-de-la-alcaldesa\/","url":"https:\/\/usurbiltzen.eus\/es\/mensaje-de-la-alcaldesa\/","name":"Mensaje de la alcaldesa - Usurbiltzen","isPartOf":{"@id":"https:\/\/usurbiltzen.eus\/#website"},"primaryImageOfPage":{"@id":"https:\/\/usurbiltzen.eus\/es\/mensaje-de-la-alcaldesa\/#primaryimage"},"image":{"@id":"https:\/\/usurbiltzen.eus\/es\/mensaje-de-la-alcaldesa\/#primaryimage"},"thumbnailUrl":"https:\/\/usurbiltzen.eus\/wp-content\/uploads\/2020\/01\/usurbil-airetik-1200x313.jpg","datePublished":"2020-02-18T11:24:02+00:00","dateModified":"2020-02-18T11:26:26+00:00","breadcrumb":{"@id":"https:\/\/usurbiltzen.eus\/es\/mensaje-de-la-alcaldesa\/#breadcrumb"},"inLanguage":"es","potentialAction":[{"@type":"ReadAction","target":["https:\/\/usurbiltzen.eus\/es\/mensaje-de-la-alcaldesa\/"]}]},{"@type":"ImageObject","inLanguage":"es","@id":"https:\/\/usurbiltzen.eus\/es\/mensaje-de-la-alcaldesa\/#primaryimage","url":"https:\/\/usurbiltzen.eus\/wp-content\/uploads\/2020\/01\/usurbil-airetik-1200x313.jpg","contentUrl":"https:\/\/usurbiltzen.eus\/wp-content\/uploads\/2020\/01\/usurbil-airetik-1200x313.jpg"},{"@type":"BreadcrumbList","@id":"https:\/\/usurbiltzen.eus\/es\/mensaje-de-la-alcaldesa\/#breadcrumb","itemListElement":[{"@type":"ListItem","position":1,"name":"Home","item":"https:\/\/usurbiltzen.eus\/es\/"},{"@type":"ListItem","position":2,"name":"Mensaje de la alcaldesa"}]},{"@type":"WebSite","@id":"https:\/\/usurbiltzen.eus\/#website","url":"https:\/\/usurbiltzen.eus\/","name":"Usurbiltzen","description":"Legealdiko plana","publisher":{"@id":"https:\/\/usurbiltzen.eus\/#organization"},"potentialAction":[{"@type":"SearchAction","target":{"@type":"EntryPoint","urlTemplate":"https:\/\/usurbiltzen.eus\/?s={search_term_string}"},"query-input":{"@type":"PropertyValueSpecification","valueRequired":true,"valueName":"search_term_string"}}],"inLanguage":"es"},{"@type":"Organization","@id":"https:\/\/usurbiltzen.eus\/#organization","name":"Usurbiltzen","url":"https:\/\/usurbiltzen.eus\/","logo":{"@type":"ImageObject","inLanguage":"es","@id":"https:\/\/usurbiltzen.eus\/#\/schema\/logo\/image\/","url":"https:\/\/usurbiltzen.eus\/wp-content\/uploads\/2020\/01\/cropped-Usurbiltzen-logotipoa.png","contentUrl":"https:\/\/usurbiltzen.eus\/wp-content\/uploads\/2020\/01\/cropped-Usurbiltzen-logotipoa.png","width":512,"height":512,"caption":"Usurbiltzen"},"image":{"@id":"https:\/\/usurbiltzen.eus\/#\/schema\/logo\/image\/"}}]}},"_links":{"self":[{"href":"https:\/\/usurbiltzen.eus\/es\/wp-json\/wp\/v2\/pages\/186","targetHints":{"allow":["GET"]}}],"collection":[{"href":"https:\/\/usurbiltzen.eus\/es\/wp-json\/wp\/v2\/pages"}],"about":[{"href":"https:\/\/usurbiltzen.eus\/es\/wp-json\/wp\/v2\/types\/page"}],"author":[{"embeddable":true,"href":"https:\/\/usurbiltzen.eus\/es\/wp-json\/wp\/v2\/users\/1"}],"replies":[{"embeddable":true,"href":"https:\/\/usurbiltzen.eus\/es\/wp-json\/wp\/v2\/comments?post=186"}],"version-history":[{"count":5,"href":"https:\/\/usurbiltzen.eus\/es\/wp-json\/wp\/v2\/pages\/186\/revisions"}],"predecessor-version":[{"id":191,"href":"https:\/\/usurbiltzen.eus\/es\/wp-json\/wp\/v2\/pages\/186\/revisions\/191"}],"wp:attachment":[{"href":"https:\/\/usurbiltzen.eus\/es\/wp-json\/wp\/v2\/media?parent=186"}],"curies":[{"name":"wp","href":"https:\/\/api.w.org\/{rel}","templated":true}]}}