{"id":197,"date":"2020-02-18T12:38:37","date_gmt":"2020-02-18T11:38:37","guid":{"rendered":"https:\/\/usurbiltzen.eus\/?page_id=197"},"modified":"2020-02-18T12:50:26","modified_gmt":"2020-02-18T11:50:26","slug":"identidad-popular","status":"publish","type":"page","link":"https:\/\/usurbiltzen.eus\/es\/identidad-popular\/","title":{"rendered":"Identidad popular"},"content":{"rendered":"\t\t<div data-elementor-type=\"wp-page\" data-elementor-id=\"197\" class=\"elementor elementor-197 elementor-26\">\n\t\t\t\t\t\t<section class=\"elementor-section elementor-top-section elementor-element elementor-element-0521d9b elementor-section-stretched elementor-section-full_width elementor-section-height-default elementor-section-height-default\" data-id=\"0521d9b\" data-element_type=\"section\" data-e-type=\"section\" data-settings=\"{&quot;stretch_section&quot;:&quot;section-stretched&quot;}\">\n\t\t\t\t\t\t<div class=\"elementor-container elementor-column-gap-no\">\n\t\t\t\t\t<div class=\"elementor-column elementor-col-100 elementor-top-column elementor-element elementor-element-13f380f\" data-id=\"13f380f\" data-element_type=\"column\" data-e-type=\"column\">\n\t\t\t<div class=\"elementor-widget-wrap elementor-element-populated\">\n\t\t\t\t\t\t<div class=\"elementor-element elementor-element-a14123b elementor-widget elementor-widget-image\" data-id=\"a14123b\" data-element_type=\"widget\" data-e-type=\"widget\" data-widget_type=\"image.default\">\n\t\t\t\t<div class=\"elementor-widget-container\">\n\t\t\t\t\t\t\t\t\t\t\t\t\t\t\t<img fetchpriority=\"high\" decoding=\"async\" width=\"1200\" height=\"313\" src=\"https:\/\/usurbiltzen.eus\/wp-content\/uploads\/2020\/01\/Usurbil-udal-plana-1200x313.jpg\" class=\"attachment-large size-large wp-image-103\" alt=\"\" srcset=\"https:\/\/usurbiltzen.eus\/wp-content\/uploads\/2020\/01\/Usurbil-udal-plana-1200x313.jpg 1200w, https:\/\/usurbiltzen.eus\/wp-content\/uploads\/2020\/01\/Usurbil-udal-plana-600x156.jpg 600w, https:\/\/usurbiltzen.eus\/wp-content\/uploads\/2020\/01\/Usurbil-udal-plana-768x200.jpg 768w, https:\/\/usurbiltzen.eus\/wp-content\/uploads\/2020\/01\/Usurbil-udal-plana-500x130.jpg 500w, https:\/\/usurbiltzen.eus\/wp-content\/uploads\/2020\/01\/Usurbil-udal-plana-800x208.jpg 800w, https:\/\/usurbiltzen.eus\/wp-content\/uploads\/2020\/01\/Usurbil-udal-plana-1280x333.jpg 1280w, https:\/\/usurbiltzen.eus\/wp-content\/uploads\/2020\/01\/Usurbil-udal-plana-1536x400.jpg 1536w, https:\/\/usurbiltzen.eus\/wp-content\/uploads\/2020\/01\/Usurbil-udal-plana.jpg 1920w\" sizes=\"(max-width: 1200px) 100vw, 1200px\" \/>\t\t\t\t\t\t\t\t\t\t\t\t\t\t\t<\/div>\n\t\t\t\t<\/div>\n\t\t\t\t\t<\/div>\n\t\t<\/div>\n\t\t\t\t\t<\/div>\n\t\t<\/section>\n\t\t\t\t<section class=\"elementor-section elementor-top-section elementor-element elementor-element-d9bb5ad elementor-section-stretched elementor-section-full_width elementor-section-height-default elementor-section-height-default\" data-id=\"d9bb5ad\" data-element_type=\"section\" data-e-type=\"section\" data-settings=\"{&quot;stretch_section&quot;:&quot;section-stretched&quot;}\">\n\t\t\t\t\t\t\t<div class=\"elementor-background-overlay\"><\/div>\n\t\t\t\t\t\t\t<div class=\"elementor-container elementor-column-gap-extended\">\n\t\t\t\t\t<div class=\"elementor-column elementor-col-100 elementor-top-column elementor-element elementor-element-d0225df\" data-id=\"d0225df\" data-element_type=\"column\" data-e-type=\"column\">\n\t\t\t<div class=\"elementor-widget-wrap elementor-element-populated\">\n\t\t\t\t\t\t<div class=\"elementor-element elementor-element-68dda64 elementor-widget elementor-widget-text-editor\" data-id=\"68dda64\" data-element_type=\"widget\" data-e-type=\"widget\" data-widget_type=\"text-editor.default\">\n\t\t\t\t<div class=\"elementor-widget-container\">\n\t\t\t\t\t\t\t\t\t<h1>IDENTIDAD POPULAR<\/h1><h3>EUSKARA<\/h3><p>Fomentar una localidad usurbildarra plural y que viva en euskara.<br \/>1. Desarrollar la planificaci\u00f3n estrat\u00e9gica a trav\u00e9s de la Agencia de Desarrollo de Buruntzaldea, priorizando la euskaldunizaci\u00f3n del \u00e1mbito socio-econ\u00f3mico.<br \/>2. Ofrecer recursos y formaci\u00f3n para facilitar la comunicaci\u00f3n con los biling\u00fces receptores en el contexto del Euskaraldia.<br \/>3. Relaci\u00f3n ling\u00fc\u00edstica del ayuntamiento con los proveedores en euskara: (1) contacto con los proveedores en euskara, (2) seguimiento ling\u00fc\u00edstico de las facturas que tramita el ayuntamiento y (3) seguimiento de los criterios ling\u00fc\u00edsticos que se ponen en las contrataciones.<\/p><p><i>Impulsar la euskaldunizaci\u00f3n: <\/i><br \/>4. Impulsar el aprendizaje de la ciudadan\u00eda en el Euskaltegi de Usurbil. <br \/>5. Reforzar, prestigiar el proyecto Mintzalagun.<br \/>6. M\u00e1s grabaciones en el proyecto de recogida del patrimonio oral Hitza Jasoz y comunicaci\u00f3n del trabajo realizado anteriormente.<br \/>7. Fomentar el conocimiento y uso de la noka.<\/p><h3>CULTURA<\/h3><p>Queremos una cultura viva y ciudadana, surgida del pueblo, para disfrute del pueblo y del mundo. Promover un modelo cultural que busque la auto-formaci\u00f3n y empoderamiento de la ciudadan\u00eda. Asimismo, reivindicamos la pluralidad cultural de Euskal Herria. La cultura vasca y la cultura en euskara constituyen el eje cohesionador de toda esta diversidad.<br \/>8. Recuperar el Consejo Asesor de Cultura.<br \/>9. Desarrollar pol\u00edticas de apoyo a la creatividad, como la creaci\u00f3n de una nueva convocatoria de subvenciones.<br \/>10. Elaboraci\u00f3n de un plan de organizaci\u00f3n de actos culturales accesibles.<br \/>11. Crear una comunidad en Wikipedia para formar colaborativamente una enciclopedia libre de Usurbil que aglutine patrimonio, valores, etc. del pueblo.<\/p><h3>PATRIMONIO<\/h3><p>Recuperar, preservar y poner en valor el patrimonio popular como dep\u00f3sito de nuestra identidad popular.<br \/>12. Continuar con la promoci\u00f3n y financiaci\u00f3n de proyectos de difusi\u00f3n y recogida del patrimonio local (publicaciones, audiovisuales \u2026).<br \/>13. Creaci\u00f3n de medios para dar a conocer las excavaciones arqueol\u00f3gicas realizadas en Andatza.<\/p><h3>EDUCACI\u00d3N<\/h3><p>La educaci\u00f3n surge del pueblo y no hay educaci\u00f3n sin pueblo. Por eso, apoyar un proyecto de educaci\u00f3n popular euskaldun, abierto, participativo, innovador, inclusivo, que tenga como base el curr\u00edculo vasco, vinculado a Usurbil, arraigado en Usurbil y que responda a las necesidades de las y los usurbildarras.<\/p><p>14. Recuperar la Mesa de Educaci\u00f3n, fortalecerla como punto de encuentro de la comunidad educativa.<br \/>15. Poner en marcha iniciativas educativas conjuntas entre los centros escolares del municipio.<br \/>16. Formar parte de la red de educadores y educadoras populares. Integrarse en la red de educadores y educadoras populares, reconociendo la cultura de los ni\u00f1os y ni\u00f1as como herramienta espec\u00edfica para el aprendizaje y desarrollo del juego y de la creatividad; a trav\u00e9s de un ocio educativo y euskaldun, construido por ellos y ellas desde la participaci\u00f3n, igualitario en la diversidad y preservando el medio ambiente natural y cultural.<\/p><h3>DIVERSIDAD<\/h3><p>La diversidad cultural, el respeto mutuo y el reconocimiento mutuo se convierten en s\u00edmbolos y pr\u00e1cticas de nuestro pueblo. Nuestro valor.<br \/>17. Diagn\u00f3stico de la diversidad. Nuevas olas migratorias y atenci\u00f3n a la d\u00e9cada de 1960 a 1970: \u00bfqu\u00e9 actitudes y discursos construimos? \u00bfC\u00f3mo nos vemos? De alguna manera, creemos que comprender y compartir las actitudes adoptadas ante la ola migratoria de entonces y los discursos que construimos permitir\u00e1n situarnos mejor en la situaci\u00f3n actual.<br \/>18. Elaboraci\u00f3n y desarrollo del plan de diversidad. La gesti\u00f3n de la diversidad de or\u00edgenes, culturas, lenguas, religiones y, en general, de identidades es un gran reto para Usurbil. Nuestra premisa y punto de partida es clara: la diversidad no es una amenaza; es riqueza. Por tanto, para que la diversidad de nuestros pueblos y barrios se convierta en un elemento de cohesi\u00f3n social, es necesario gestionar adecuadamente la diversidad. Necesitamos una planificaci\u00f3n o una hoja de ruta, y ese es uno de los proyectos importantes que queremos llevar a cabo en esta legislatura. La inversi\u00f3n m\u00e1s fuerte, dir\u00edamos: profundizar en la convivencia. Para ello, necesitamos iniciativas basadas en el conocimiento y el reconocimiento mutuo, una concepci\u00f3n popular que promueva la diversidad como valor positivo y una actuaci\u00f3n municipal que garantice la igualdad de oportunidades de todas las personas independientemente de su origen.<br \/>19. Intentar formar un peque\u00f1o grupo que quiera hacer una aportaci\u00f3n especial en este tema entre la ciudadan\u00eda.<\/p><h3>PARIDAD<\/h3><p>Construir un pa\u00eds que garantice el empoderamiento de las mujeres y la libre convivencia de las mujeres y la igualdad de oportunidades.<br \/>20. Elaboraci\u00f3n\/desarrollo del III Plan de Igualdad 2021-2025.<br \/>21. Crear la Casa de las Mujeres.<br \/>22. Analizar las fiestas desde el punto de vista de la igualdad y trabajar un nuevo modelo.<br \/>23. Trabajar nuevos modelos de masculinidad con chicos j\u00f3venes y hombres adultos.<br \/>24. Violencia sexista: elaboraci\u00f3n del protocolo de agresiones sexuales.<\/p><h3>MEMORIA Y CONVIVENCIA<\/h3><p>En Euskal Herria no hemos conocido una verdadera situaci\u00f3n de paz y normalizaci\u00f3n pol\u00edtica, al menos desde el alzamiento franquista. Por eso pedimos memoria, reparaci\u00f3n, garant\u00eda de que no se vuelva a producir, y adecuaci\u00f3n de la pol\u00edtica penitenciaria a la nueva situaci\u00f3n.<br \/>25. Estudio de la vulneraci\u00f3n de derechos humanos sufrida por los usurbildarras desde la guerra de 1936 hasta la actualidad.<br \/>26. Memoria hist\u00f3rica. En particular, fomentar la recuperaci\u00f3n y conmemoraci\u00f3n de las trincheras de la guerra del 36.<br \/>27. Analizar las posibilidades de crear un espacio de memoria e intentar dar cauce al proyecto.<\/p><h3>PUEBLOS\/BARRIOS<\/h3><p>Queremos construir el Usurbil de todos los barrios. Queremos barrios habitables. No queremos agudizar las diferencias entre el centro y los barrios, no queremos crear grietas. Los barrios tambi\u00e9n tienen personalidad, caracter\u00edsticas, necesidades y realidades propias, y queremos centrarnos en ellas, con el fin de mejorar la calidad de vida de los barrios. Identificar las necesidades de cada barrio, tener en cuenta a su comunidad y elaborar propuestas con ellos para garantizar la cohesi\u00f3n social, la movilidad sostenible y el acceso a los servicios p\u00fablicos.<\/p><h5>AGUINAGA:<\/h5><p>28. Dar aire nuevo al centro y convertirlo peatonal: desarrollar la nueva propuesta que se ha trabajado para el casco. <br \/>29. Promoci\u00f3n de la movilidad sostenible: realizaci\u00f3n de un camino peatonal que conecte Elutx con el casco urbano (camino Elutx). <br \/>30. Dar soluci\u00f3n a los puntos peligrosos: seguir solicitando que cambien su car\u00e1cter a la N-634.<\/p><h5>KALEZAR:<\/h5><p>31. Equipamiento p\u00fablico: impulsar una sesi\u00f3n para trabajar un proyecto social en colaboraci\u00f3n con las y los vecinos, para decidir qu\u00e9 uso dar a Pelaioenea.<\/p><h5>SANTUENEA:<\/h5><p>32. Revitalizar el barrio: dise\u00f1ar junto con los vecinos un plan integral para Santuenea con el objetivo de la inclusividad y la cohesi\u00f3n social. <br \/>33. Fomentar la movilidad sostenible: dar soluci\u00f3n a la carretera de la parte baja del barrio y crear un espacio seguro para peatones y bicicletas. <br \/>34. Reurbanizaci\u00f3n del barrio.<\/p><h5>TXOKOALDE:<\/h5><p>35. Equipamiento p\u00fablico: proceso participativo y renovaci\u00f3n del edificio del gaztetxe Akerra para el barrio. <br \/>36. Renovar la asociaci\u00f3n popular de Txokoalde. <br \/>37. Dar soluci\u00f3n a la entrada y salida del Txokoalde. Seguir trabajando con la Diputaci\u00f3n. <br \/>38. Arreglar el puente. Procurar obtener financiaci\u00f3n.<\/p><h5>ETXEALDIA:<\/h5><p>39. Revitalizar Etxealdia: trabajar una nueva ordenaci\u00f3n para el barrio, para que sea un barrio accesible y habitable. Abrir un proceso de participaci\u00f3n con la ciudadan\u00eda.<\/p><p>\u00a0<\/p><h5>ZUBIETA:<\/h5><p>40. Aportaci\u00f3n econ\u00f3mica: reservar una partida presupuestaria para que la Asamblea Popular de Zubieta decida en qu\u00e9 invertir. <br \/>41. Equipamiento p\u00fablico: adecuaci\u00f3n de un nuevo espacio p\u00fablico para necesidades sociales (j\u00f3venes, jubilados \u2026).<\/p><h5>ATXEGALDE:<\/h5><p>42. Realizar unas sesiones con los vecinos para identificar y resolver las necesidades del barrio.<\/p><h5>OLARRIONDO:<\/h5><p>43. Realizar unas sesiones con los vecinos para identificar y resolver las necesidades del barrio.<\/p><p>\u00a0<\/p>\t\t\t\t\t\t\t\t<\/div>\n\t\t\t\t<\/div>\n\t\t\t\t\t<\/div>\n\t\t<\/div>\n\t\t\t\t\t<\/div>\n\t\t<\/section>\n\t\t\t\t<\/div>\n\t\t","protected":false},"excerpt":{"rendered":"<p>IDENTIDAD POPULAR EUSKARA Fomentar una localidad usurbildarra plural y que viva en euskara.1. Desarrollar la planificaci\u00f3n estrat\u00e9gica a trav\u00e9s de la Agencia de Desarrollo de Buruntzaldea, priorizando la euskaldunizaci\u00f3n del \u00e1mbito socio-econ\u00f3mico.2. Ofrecer recursos y formaci\u00f3n para facilitar la comunicaci\u00f3n con los biling\u00fces receptores en el contexto del Euskaraldia.3. Relaci\u00f3n ling\u00fc\u00edstica del ayuntamiento con los [&hellip;]<\/p>\n","protected":false},"author":1,"featured_media":0,"parent":0,"menu_order":0,"comment_status":"closed","ping_status":"closed","template":"","meta":{"site-sidebar-layout":"no-sidebar","site-content-layout":"page-builder","ast-site-content-layout":"default","site-content-style":"default","site-sidebar-style":"default","ast-global-header-display":"","ast-banner-title-visibility":"","ast-main-header-display":"","ast-hfb-above-header-display":"","ast-hfb-below-header-display":"","ast-hfb-mobile-header-display":"","site-post-title":"disabled","ast-breadcrumbs-content":"","ast-featured-img":"disabled","footer-sml-layout":"","ast-disable-related-posts":"","theme-transparent-header-meta":"default","adv-header-id-meta":"","stick-header-meta":"","header-above-stick-meta":"","header-main-stick-meta":"","header-below-stick-meta":"","astra-migrate-meta-layouts":"default","ast-page-background-enabled":"default","ast-page-background-meta":{"desktop":{"background-color":"","background-image":"","background-repeat":"repeat","background-position":"center center","background-size":"auto","background-attachment":"scroll","background-type":"","background-media":"","overlay-type":"","overlay-color":"","overlay-opacity":"","overlay-gradient":""},"tablet":{"background-color":"","background-image":"","background-repeat":"repeat","background-position":"center center","background-size":"auto","background-attachment":"scroll","background-type":"","background-media":"","overlay-type":"","overlay-color":"","overlay-opacity":"","overlay-gradient":""},"mobile":{"background-color":"","background-image":"","background-repeat":"repeat","background-position":"center center","background-size":"auto","background-attachment":"scroll","background-type":"","background-media":"","overlay-type":"","overlay-color":"","overlay-opacity":"","overlay-gradient":""}},"ast-content-background-meta":{"desktop":{"background-color":"var(--ast-global-color-5)","background-image":"","background-repeat":"repeat","background-position":"center center","background-size":"auto","background-attachment":"scroll","background-type":"","background-media":"","overlay-type":"","overlay-color":"","overlay-opacity":"","overlay-gradient":""},"tablet":{"background-color":"var(--ast-global-color-5)","background-image":"","background-repeat":"repeat","background-position":"center center","background-size":"auto","background-attachment":"scroll","background-type":"","background-media":"","overlay-type":"","overlay-color":"","overlay-opacity":"","overlay-gradient":""},"mobile":{"background-color":"var(--ast-global-color-5)","background-image":"","background-repeat":"repeat","background-position":"center center","background-size":"auto","background-attachment":"scroll","background-type":"","background-media":"","overlay-type":"","overlay-color":"","overlay-opacity":"","overlay-gradient":""}},"_vp_format_video_url":"","_vp_image_focal_point":[],"footnotes":""},"class_list":["post-197","page","type-page","status-publish","hentry"],"yoast_head":"<!-- This site is optimized with the Yoast SEO plugin v27.3 - https:\/\/yoast.com\/product\/yoast-seo-wordpress\/ -->\n<title>Identidad popular - Usurbiltzen<\/title>\n<meta name=\"robots\" content=\"index, follow, max-snippet:-1, max-image-preview:large, max-video-preview:-1\" \/>\n<link rel=\"canonical\" href=\"https:\/\/usurbiltzen.eus\/es\/identidad-popular\/\" \/>\n<meta property=\"og:locale\" content=\"es_ES\" \/>\n<meta property=\"og:type\" content=\"article\" \/>\n<meta property=\"og:title\" content=\"Identidad popular - Usurbiltzen\" \/>\n<meta property=\"og:description\" content=\"IDENTIDAD POPULAR EUSKARA Fomentar una localidad usurbildarra plural y que viva en euskara.1. Desarrollar la planificaci\u00f3n estrat\u00e9gica a trav\u00e9s de la Agencia de Desarrollo de Buruntzaldea, priorizando la euskaldunizaci\u00f3n del \u00e1mbito socio-econ\u00f3mico.2. Ofrecer recursos y formaci\u00f3n para facilitar la comunicaci\u00f3n con los biling\u00fces receptores en el contexto del Euskaraldia.3. Relaci\u00f3n ling\u00fc\u00edstica del ayuntamiento con los [&hellip;]\" \/>\n<meta property=\"og:url\" content=\"https:\/\/usurbiltzen.eus\/es\/identidad-popular\/\" \/>\n<meta property=\"og:site_name\" content=\"Usurbiltzen\" \/>\n<meta property=\"article:modified_time\" content=\"2020-02-18T11:50:26+00:00\" \/>\n<meta property=\"og:image\" content=\"https:\/\/usurbiltzen.eus\/wp-content\/uploads\/2020\/01\/Usurbil-udal-plana-1200x313.jpg\" \/>\n<meta name=\"twitter:card\" content=\"summary_large_image\" \/>\n<meta name=\"twitter:label1\" content=\"Tiempo de lectura\" \/>\n\t<meta name=\"twitter:data1\" content=\"6 minutos\" \/>\n<script type=\"application\/ld+json\" class=\"yoast-schema-graph\">{\"@context\":\"https:\\\/\\\/schema.org\",\"@graph\":[{\"@type\":\"WebPage\",\"@id\":\"https:\\\/\\\/usurbiltzen.eus\\\/es\\\/identidad-popular\\\/\",\"url\":\"https:\\\/\\\/usurbiltzen.eus\\\/es\\\/identidad-popular\\\/\",\"name\":\"Identidad popular - Usurbiltzen\",\"isPartOf\":{\"@id\":\"https:\\\/\\\/usurbiltzen.eus\\\/#website\"},\"primaryImageOfPage\":{\"@id\":\"https:\\\/\\\/usurbiltzen.eus\\\/es\\\/identidad-popular\\\/#primaryimage\"},\"image\":{\"@id\":\"https:\\\/\\\/usurbiltzen.eus\\\/es\\\/identidad-popular\\\/#primaryimage\"},\"thumbnailUrl\":\"https:\\\/\\\/usurbiltzen.eus\\\/wp-content\\\/uploads\\\/2020\\\/01\\\/Usurbil-udal-plana-1200x313.jpg\",\"datePublished\":\"2020-02-18T11:38:37+00:00\",\"dateModified\":\"2020-02-18T11:50:26+00:00\",\"breadcrumb\":{\"@id\":\"https:\\\/\\\/usurbiltzen.eus\\\/es\\\/identidad-popular\\\/#breadcrumb\"},\"inLanguage\":\"es\",\"potentialAction\":[{\"@type\":\"ReadAction\",\"target\":[\"https:\\\/\\\/usurbiltzen.eus\\\/es\\\/identidad-popular\\\/\"]}]},{\"@type\":\"ImageObject\",\"inLanguage\":\"es\",\"@id\":\"https:\\\/\\\/usurbiltzen.eus\\\/es\\\/identidad-popular\\\/#primaryimage\",\"url\":\"https:\\\/\\\/usurbiltzen.eus\\\/wp-content\\\/uploads\\\/2020\\\/01\\\/Usurbil-udal-plana-1200x313.jpg\",\"contentUrl\":\"https:\\\/\\\/usurbiltzen.eus\\\/wp-content\\\/uploads\\\/2020\\\/01\\\/Usurbil-udal-plana-1200x313.jpg\"},{\"@type\":\"BreadcrumbList\",\"@id\":\"https:\\\/\\\/usurbiltzen.eus\\\/es\\\/identidad-popular\\\/#breadcrumb\",\"itemListElement\":[{\"@type\":\"ListItem\",\"position\":1,\"name\":\"Home\",\"item\":\"https:\\\/\\\/usurbiltzen.eus\\\/es\\\/\"},{\"@type\":\"ListItem\",\"position\":2,\"name\":\"Identidad popular\"}]},{\"@type\":\"WebSite\",\"@id\":\"https:\\\/\\\/usurbiltzen.eus\\\/#website\",\"url\":\"https:\\\/\\\/usurbiltzen.eus\\\/\",\"name\":\"Usurbiltzen\",\"description\":\"Legealdiko plana\",\"publisher\":{\"@id\":\"https:\\\/\\\/usurbiltzen.eus\\\/#organization\"},\"potentialAction\":[{\"@type\":\"SearchAction\",\"target\":{\"@type\":\"EntryPoint\",\"urlTemplate\":\"https:\\\/\\\/usurbiltzen.eus\\\/?s={search_term_string}\"},\"query-input\":{\"@type\":\"PropertyValueSpecification\",\"valueRequired\":true,\"valueName\":\"search_term_string\"}}],\"inLanguage\":\"es\"},{\"@type\":\"Organization\",\"@id\":\"https:\\\/\\\/usurbiltzen.eus\\\/#organization\",\"name\":\"Usurbiltzen\",\"url\":\"https:\\\/\\\/usurbiltzen.eus\\\/\",\"logo\":{\"@type\":\"ImageObject\",\"inLanguage\":\"es\",\"@id\":\"https:\\\/\\\/usurbiltzen.eus\\\/#\\\/schema\\\/logo\\\/image\\\/\",\"url\":\"https:\\\/\\\/usurbiltzen.eus\\\/wp-content\\\/uploads\\\/2020\\\/01\\\/cropped-Usurbiltzen-logotipoa.png\",\"contentUrl\":\"https:\\\/\\\/usurbiltzen.eus\\\/wp-content\\\/uploads\\\/2020\\\/01\\\/cropped-Usurbiltzen-logotipoa.png\",\"width\":512,\"height\":512,\"caption\":\"Usurbiltzen\"},\"image\":{\"@id\":\"https:\\\/\\\/usurbiltzen.eus\\\/#\\\/schema\\\/logo\\\/image\\\/\"}}]}<\/script>\n<!-- \/ Yoast SEO plugin. -->","yoast_head_json":{"title":"Identidad popular - Usurbiltzen","robots":{"index":"index","follow":"follow","max-snippet":"max-snippet:-1","max-image-preview":"max-image-preview:large","max-video-preview":"max-video-preview:-1"},"canonical":"https:\/\/usurbiltzen.eus\/es\/identidad-popular\/","og_locale":"es_ES","og_type":"article","og_title":"Identidad popular - Usurbiltzen","og_description":"IDENTIDAD POPULAR EUSKARA Fomentar una localidad usurbildarra plural y que viva en euskara.1. Desarrollar la planificaci\u00f3n estrat\u00e9gica a trav\u00e9s de la Agencia de Desarrollo de Buruntzaldea, priorizando la euskaldunizaci\u00f3n del \u00e1mbito socio-econ\u00f3mico.2. Ofrecer recursos y formaci\u00f3n para facilitar la comunicaci\u00f3n con los biling\u00fces receptores en el contexto del Euskaraldia.3. Relaci\u00f3n ling\u00fc\u00edstica del ayuntamiento con los [&hellip;]","og_url":"https:\/\/usurbiltzen.eus\/es\/identidad-popular\/","og_site_name":"Usurbiltzen","article_modified_time":"2020-02-18T11:50:26+00:00","og_image":[{"url":"https:\/\/usurbiltzen.eus\/wp-content\/uploads\/2020\/01\/Usurbil-udal-plana-1200x313.jpg","type":"","width":"","height":""}],"twitter_card":"summary_large_image","twitter_misc":{"Tiempo de lectura":"6 minutos"},"schema":{"@context":"https:\/\/schema.org","@graph":[{"@type":"WebPage","@id":"https:\/\/usurbiltzen.eus\/es\/identidad-popular\/","url":"https:\/\/usurbiltzen.eus\/es\/identidad-popular\/","name":"Identidad popular - Usurbiltzen","isPartOf":{"@id":"https:\/\/usurbiltzen.eus\/#website"},"primaryImageOfPage":{"@id":"https:\/\/usurbiltzen.eus\/es\/identidad-popular\/#primaryimage"},"image":{"@id":"https:\/\/usurbiltzen.eus\/es\/identidad-popular\/#primaryimage"},"thumbnailUrl":"https:\/\/usurbiltzen.eus\/wp-content\/uploads\/2020\/01\/Usurbil-udal-plana-1200x313.jpg","datePublished":"2020-02-18T11:38:37+00:00","dateModified":"2020-02-18T11:50:26+00:00","breadcrumb":{"@id":"https:\/\/usurbiltzen.eus\/es\/identidad-popular\/#breadcrumb"},"inLanguage":"es","potentialAction":[{"@type":"ReadAction","target":["https:\/\/usurbiltzen.eus\/es\/identidad-popular\/"]}]},{"@type":"ImageObject","inLanguage":"es","@id":"https:\/\/usurbiltzen.eus\/es\/identidad-popular\/#primaryimage","url":"https:\/\/usurbiltzen.eus\/wp-content\/uploads\/2020\/01\/Usurbil-udal-plana-1200x313.jpg","contentUrl":"https:\/\/usurbiltzen.eus\/wp-content\/uploads\/2020\/01\/Usurbil-udal-plana-1200x313.jpg"},{"@type":"BreadcrumbList","@id":"https:\/\/usurbiltzen.eus\/es\/identidad-popular\/#breadcrumb","itemListElement":[{"@type":"ListItem","position":1,"name":"Home","item":"https:\/\/usurbiltzen.eus\/es\/"},{"@type":"ListItem","position":2,"name":"Identidad popular"}]},{"@type":"WebSite","@id":"https:\/\/usurbiltzen.eus\/#website","url":"https:\/\/usurbiltzen.eus\/","name":"Usurbiltzen","description":"Legealdiko plana","publisher":{"@id":"https:\/\/usurbiltzen.eus\/#organization"},"potentialAction":[{"@type":"SearchAction","target":{"@type":"EntryPoint","urlTemplate":"https:\/\/usurbiltzen.eus\/?s={search_term_string}"},"query-input":{"@type":"PropertyValueSpecification","valueRequired":true,"valueName":"search_term_string"}}],"inLanguage":"es"},{"@type":"Organization","@id":"https:\/\/usurbiltzen.eus\/#organization","name":"Usurbiltzen","url":"https:\/\/usurbiltzen.eus\/","logo":{"@type":"ImageObject","inLanguage":"es","@id":"https:\/\/usurbiltzen.eus\/#\/schema\/logo\/image\/","url":"https:\/\/usurbiltzen.eus\/wp-content\/uploads\/2020\/01\/cropped-Usurbiltzen-logotipoa.png","contentUrl":"https:\/\/usurbiltzen.eus\/wp-content\/uploads\/2020\/01\/cropped-Usurbiltzen-logotipoa.png","width":512,"height":512,"caption":"Usurbiltzen"},"image":{"@id":"https:\/\/usurbiltzen.eus\/#\/schema\/logo\/image\/"}}]}},"_links":{"self":[{"href":"https:\/\/usurbiltzen.eus\/es\/wp-json\/wp\/v2\/pages\/197","targetHints":{"allow":["GET"]}}],"collection":[{"href":"https:\/\/usurbiltzen.eus\/es\/wp-json\/wp\/v2\/pages"}],"about":[{"href":"https:\/\/usurbiltzen.eus\/es\/wp-json\/wp\/v2\/types\/page"}],"author":[{"embeddable":true,"href":"https:\/\/usurbiltzen.eus\/es\/wp-json\/wp\/v2\/users\/1"}],"replies":[{"embeddable":true,"href":"https:\/\/usurbiltzen.eus\/es\/wp-json\/wp\/v2\/comments?post=197"}],"version-history":[{"count":5,"href":"https:\/\/usurbiltzen.eus\/es\/wp-json\/wp\/v2\/pages\/197\/revisions"}],"predecessor-version":[{"id":202,"href":"https:\/\/usurbiltzen.eus\/es\/wp-json\/wp\/v2\/pages\/197\/revisions\/202"}],"wp:attachment":[{"href":"https:\/\/usurbiltzen.eus\/es\/wp-json\/wp\/v2\/media?parent=197"}],"curies":[{"name":"wp","href":"https:\/\/api.w.org\/{rel}","templated":true}]}}