{"id":1801,"date":"2020-03-07T11:00:27","date_gmt":"2020-03-07T10:00:27","guid":{"rendered":"https:\/\/usurbiltzen.eus\/proiektuak\/105-neurria\/"},"modified":"2022-12-28T08:58:06","modified_gmt":"2022-12-28T07:58:06","slug":"105-neurria","status":"publish","type":"proiektuak","link":"https:\/\/usurbiltzen.eus\/es\/proyectos\/105-neurria\/","title":{"rendered":"Medida 105"},"content":{"rendered":"\t\t<div data-elementor-type=\"wp-post\" data-elementor-id=\"1801\" class=\"elementor elementor-1801 elementor-395\">\n\t\t\t\t\t\t<section class=\"elementor-section elementor-top-section elementor-element elementor-element-c94c2 elementor-section-boxed elementor-section-height-default elementor-section-height-default\" data-id=\"c94c2\" data-element_type=\"section\" data-e-type=\"section\">\n\t\t\t\t\t\t<div class=\"elementor-container elementor-column-gap-default\">\n\t\t\t\t\t<div class=\"elementor-column elementor-col-50 elementor-top-column elementor-element elementor-element-78f1679f\" data-id=\"78f1679f\" data-element_type=\"column\" data-e-type=\"column\">\n\t\t\t<div class=\"elementor-widget-wrap elementor-element-populated\">\n\t\t\t\t\t\t<div class=\"elementor-element elementor-element-478091d9 elementor-widget elementor-widget-image\" data-id=\"478091d9\" data-element_type=\"widget\" data-e-type=\"widget\" data-widget_type=\"image.default\">\n\t\t\t\t<div class=\"elementor-widget-container\">\n\t\t\t\t\t\t\t\t\t\t\t\t\t\t\t<img fetchpriority=\"high\" decoding=\"async\" width=\"1200\" height=\"800\" src=\"https:\/\/usurbiltzen.eus\/wp-content\/uploads\/2020\/02\/105hapo-w-1200x800.jpg\" class=\"attachment-large size-large wp-image-1309\" alt=\"\" srcset=\"https:\/\/usurbiltzen.eus\/wp-content\/uploads\/2020\/02\/105hapo-w-1200x800.jpg 1200w, https:\/\/usurbiltzen.eus\/wp-content\/uploads\/2020\/02\/105hapo-w-600x400.jpg 600w, https:\/\/usurbiltzen.eus\/wp-content\/uploads\/2020\/02\/105hapo-w-768x512.jpg 768w, https:\/\/usurbiltzen.eus\/wp-content\/uploads\/2020\/02\/105hapo-w-500x333.jpg 500w, https:\/\/usurbiltzen.eus\/wp-content\/uploads\/2020\/02\/105hapo-w-800x533.jpg 800w, https:\/\/usurbiltzen.eus\/wp-content\/uploads\/2020\/02\/105hapo-w-1280x853.jpg 1280w, https:\/\/usurbiltzen.eus\/wp-content\/uploads\/2020\/02\/105hapo-w.jpg 1500w\" sizes=\"(max-width: 1200px) 100vw, 1200px\" \/>\t\t\t\t\t\t\t\t\t\t\t\t\t\t\t<\/div>\n\t\t\t\t<\/div>\n\t\t\t\t\t<\/div>\n\t\t<\/div>\n\t\t\t\t<div class=\"elementor-column elementor-col-50 elementor-top-column elementor-element elementor-element-276f280\" data-id=\"276f280\" data-element_type=\"column\" data-e-type=\"column\">\n\t\t\t<div class=\"elementor-widget-wrap elementor-element-populated\">\n\t\t\t\t\t\t<div class=\"elementor-element elementor-element-2287fd22 elementor-widget elementor-widget-heading\" data-id=\"2287fd22\" data-element_type=\"widget\" data-e-type=\"widget\" data-widget_type=\"heading.default\">\n\t\t\t\t<div class=\"elementor-widget-container\">\n\t\t\t\t\t<h5 class=\"elementor-heading-title elementor-size-default\">EN MARCHA<\/h5>\t\t\t\t<\/div>\n\t\t\t\t<\/div>\n\t\t\t\t<div class=\"elementor-element elementor-element-758d8a79 elementor-widget elementor-widget-heading\" data-id=\"758d8a79\" data-element_type=\"widget\" data-e-type=\"widget\" data-widget_type=\"heading.default\">\n\t\t\t\t<div class=\"elementor-widget-container\">\n\t\t\t\t\t<h2 class=\"elementor-heading-title elementor-size-default\">Medida 105<\/h2>\t\t\t\t<\/div>\n\t\t\t\t<\/div>\n\t\t\t\t<div class=\"elementor-element elementor-element-49de3f1b elementor-widget elementor-widget-text-editor\" data-id=\"49de3f1b\" data-element_type=\"widget\" data-e-type=\"widget\" data-widget_type=\"text-editor.default\">\n\t\t\t\t<div class=\"elementor-widget-container\">\n\t\t\t\t\t\t\t\t\t<p><strong>SOCIEDAD DEL BIENESTAR &gt; VIVIENDA<\/strong><\/p><p>Reflexi\u00f3n \/ modelo \/ organizaci\u00f3n interna: abrir el proceso de reflexi\u00f3n para definir la futura pol\u00edtica de vivienda en Usurbil. Tambi\u00e9n es imprescindible realizar un an\u00e1lisis de los recursos municipales para determinar c\u00f3mo gestionar la pol\u00edtica de vivienda.<\/p><p>Aprovechando la redacci\u00f3n del PGOU, se considera necesario realizar una reflexi\u00f3n general de la pol\u00edtica de vivienda, teniendo en cuenta la capacidad municipal y sin olvidar que las viviendas son construidas mayoritariamente por empresas privadas.<\/p><p>** Con el objetivo de dar respuesta a las necesidades de la ciudadan\u00eda de Usurbil, el PGOU aprobado inicialmente promueve diferentes modelos de viviendas. El Plan General contempla la posibilidad de construir un total de 723 nuevas viviendas, de las cuales el 57% estar\u00e1n sujetas a alg\u00fan tipo de protecci\u00f3n(43% de protecci\u00f3n oficial y 14% tasadas).<\/p>\t\t\t\t\t\t\t\t<\/div>\n\t\t\t\t<\/div>\n\t\t\t\t\t<\/div>\n\t\t<\/div>\n\t\t\t\t\t<\/div>\n\t\t<\/section>\n\t\t\t\t<\/div>\n\t\t","protected":false},"featured_media":1309,"template":"","meta":{"site-sidebar-layout":"no-sidebar","site-content-layout":"page-builder","ast-site-content-layout":"default","site-content-style":"default","site-sidebar-style":"default","ast-global-header-display":"","ast-banner-title-visibility":"","ast-main-header-display":"","ast-hfb-above-header-display":"","ast-hfb-below-header-display":"","ast-hfb-mobile-header-display":"","site-post-title":"disabled","ast-breadcrumbs-content":"","ast-featured-img":"disabled","footer-sml-layout":"","ast-disable-related-posts":"","theme-transparent-header-meta":"default","adv-header-id-meta":"","stick-header-meta":"","header-above-stick-meta":"","header-main-stick-meta":"","header-below-stick-meta":"","astra-migrate-meta-layouts":"default","ast-page-background-enabled":"default","ast-page-background-meta":{"desktop":{"background-color":"","background-image":"","background-repeat":"repeat","background-position":"center center","background-size":"auto","background-attachment":"scroll","background-type":"","background-media":"","overlay-type":"","overlay-color":"","overlay-opacity":"","overlay-gradient":""},"tablet":{"background-color":"","background-image":"","background-repeat":"repeat","background-position":"center center","background-size":"auto","background-attachment":"scroll","background-type":"","background-media":"","overlay-type":"","overlay-color":"","overlay-opacity":"","overlay-gradient":""},"mobile":{"background-color":"","background-image":"","background-repeat":"repeat","background-position":"center center","background-size":"auto","background-attachment":"scroll","background-type":"","background-media":"","overlay-type":"","overlay-color":"","overlay-opacity":"","overlay-gradient":""}},"ast-content-background-meta":{"desktop":{"background-color":"var(--ast-global-color-5)","background-image":"","background-repeat":"repeat","background-position":"center center","background-size":"auto","background-attachment":"scroll","background-type":"","background-media":"","overlay-type":"","overlay-color":"","overlay-opacity":"","overlay-gradient":""},"tablet":{"background-color":"var(--ast-global-color-5)","background-image":"","background-repeat":"repeat","background-position":"center center","background-size":"auto","background-attachment":"scroll","background-type":"","background-media":"","overlay-type":"","overlay-color":"","overlay-opacity":"","overlay-gradient":""},"mobile":{"background-color":"var(--ast-global-color-5)","background-image":"","background-repeat":"repeat","background-position":"center center","background-size":"auto","background-attachment":"scroll","background-type":"","background-media":"","overlay-type":"","overlay-color":"","overlay-opacity":"","overlay-gradient":""}},"_vp_format_video_url":"","_vp_image_focal_point":[]},"motak":[31],"egoera":[32],"class_list":["post-1801","proiektuak","type-proiektuak","status-publish","has-post-thumbnail","hentry","motak-ongizartea-es","egoera-hasita-es"],"yoast_head":"<!-- This site is optimized with the Yoast SEO plugin v27.3 - https:\/\/yoast.com\/product\/yoast-seo-wordpress\/ -->\n<title>Medida 105 - Usurbiltzen<\/title>\n<meta name=\"robots\" content=\"index, follow, max-snippet:-1, max-image-preview:large, max-video-preview:-1\" \/>\n<link rel=\"canonical\" href=\"https:\/\/usurbiltzen.eus\/es\/proyectos\/105-neurria\/\" \/>\n<meta property=\"og:locale\" content=\"es_ES\" \/>\n<meta property=\"og:type\" content=\"article\" \/>\n<meta property=\"og:title\" content=\"Medida 105 - Usurbiltzen\" \/>\n<meta property=\"og:description\" content=\"EN MARCHA Medida 105 SOCIEDAD DEL BIENESTAR &gt; VIVIENDA Reflexi\u00f3n \/ modelo \/ organizaci\u00f3n interna: abrir el proceso de reflexi\u00f3n para definir la futura pol\u00edtica de vivienda en Usurbil. Tambi\u00e9n es imprescindible realizar un an\u00e1lisis de los recursos municipales para determinar c\u00f3mo gestionar la pol\u00edtica de vivienda. Aprovechando la redacci\u00f3n del PGOU, se considera necesario [&hellip;]\" \/>\n<meta property=\"og:url\" content=\"https:\/\/usurbiltzen.eus\/es\/proyectos\/105-neurria\/\" \/>\n<meta property=\"og:site_name\" content=\"Usurbiltzen\" \/>\n<meta property=\"article:modified_time\" content=\"2022-12-28T07:58:06+00:00\" \/>\n<meta property=\"og:image\" content=\"https:\/\/usurbiltzen.eus\/wp-content\/uploads\/2020\/02\/105hapo-w.jpg\" \/>\n\t<meta property=\"og:image:width\" content=\"1500\" \/>\n\t<meta property=\"og:image:height\" content=\"1000\" \/>\n\t<meta property=\"og:image:type\" content=\"image\/jpeg\" \/>\n<meta name=\"twitter:card\" content=\"summary_large_image\" \/>\n<meta name=\"twitter:label1\" content=\"Tiempo de lectura\" \/>\n\t<meta name=\"twitter:data1\" content=\"1 minuto\" \/>\n<script type=\"application\/ld+json\" class=\"yoast-schema-graph\">{\"@context\":\"https:\\\/\\\/schema.org\",\"@graph\":[{\"@type\":\"WebPage\",\"@id\":\"https:\\\/\\\/usurbiltzen.eus\\\/es\\\/proyectos\\\/105-neurria\\\/\",\"url\":\"https:\\\/\\\/usurbiltzen.eus\\\/es\\\/proyectos\\\/105-neurria\\\/\",\"name\":\"Medida 105 - Usurbiltzen\",\"isPartOf\":{\"@id\":\"https:\\\/\\\/usurbiltzen.eus\\\/#website\"},\"primaryImageOfPage\":{\"@id\":\"https:\\\/\\\/usurbiltzen.eus\\\/es\\\/proyectos\\\/105-neurria\\\/#primaryimage\"},\"image\":{\"@id\":\"https:\\\/\\\/usurbiltzen.eus\\\/es\\\/proyectos\\\/105-neurria\\\/#primaryimage\"},\"thumbnailUrl\":\"https:\\\/\\\/usurbiltzen.eus\\\/wp-content\\\/uploads\\\/2020\\\/02\\\/105hapo-w.jpg\",\"datePublished\":\"2020-03-07T10:00:27+00:00\",\"dateModified\":\"2022-12-28T07:58:06+00:00\",\"breadcrumb\":{\"@id\":\"https:\\\/\\\/usurbiltzen.eus\\\/es\\\/proyectos\\\/105-neurria\\\/#breadcrumb\"},\"inLanguage\":\"es\",\"potentialAction\":[{\"@type\":\"ReadAction\",\"target\":[\"https:\\\/\\\/usurbiltzen.eus\\\/es\\\/proyectos\\\/105-neurria\\\/\"]}]},{\"@type\":\"ImageObject\",\"inLanguage\":\"es\",\"@id\":\"https:\\\/\\\/usurbiltzen.eus\\\/es\\\/proyectos\\\/105-neurria\\\/#primaryimage\",\"url\":\"https:\\\/\\\/usurbiltzen.eus\\\/wp-content\\\/uploads\\\/2020\\\/02\\\/105hapo-w.jpg\",\"contentUrl\":\"https:\\\/\\\/usurbiltzen.eus\\\/wp-content\\\/uploads\\\/2020\\\/02\\\/105hapo-w.jpg\",\"width\":1500,\"height\":1000},{\"@type\":\"BreadcrumbList\",\"@id\":\"https:\\\/\\\/usurbiltzen.eus\\\/es\\\/proyectos\\\/105-neurria\\\/#breadcrumb\",\"itemListElement\":[{\"@type\":\"ListItem\",\"position\":1,\"name\":\"Home\",\"item\":\"https:\\\/\\\/usurbiltzen.eus\\\/es\\\/\"},{\"@type\":\"ListItem\",\"position\":2,\"name\":\"Proiektuak\",\"item\":\"https:\\\/\\\/usurbiltzen.eus\\\/proiektuak\\\/\"},{\"@type\":\"ListItem\",\"position\":3,\"name\":\"Medida 105\"}]},{\"@type\":\"WebSite\",\"@id\":\"https:\\\/\\\/usurbiltzen.eus\\\/#website\",\"url\":\"https:\\\/\\\/usurbiltzen.eus\\\/\",\"name\":\"Usurbiltzen\",\"description\":\"Legealdiko plana\",\"publisher\":{\"@id\":\"https:\\\/\\\/usurbiltzen.eus\\\/#organization\"},\"potentialAction\":[{\"@type\":\"SearchAction\",\"target\":{\"@type\":\"EntryPoint\",\"urlTemplate\":\"https:\\\/\\\/usurbiltzen.eus\\\/?s={search_term_string}\"},\"query-input\":{\"@type\":\"PropertyValueSpecification\",\"valueRequired\":true,\"valueName\":\"search_term_string\"}}],\"inLanguage\":\"es\"},{\"@type\":\"Organization\",\"@id\":\"https:\\\/\\\/usurbiltzen.eus\\\/#organization\",\"name\":\"Usurbiltzen\",\"url\":\"https:\\\/\\\/usurbiltzen.eus\\\/\",\"logo\":{\"@type\":\"ImageObject\",\"inLanguage\":\"es\",\"@id\":\"https:\\\/\\\/usurbiltzen.eus\\\/#\\\/schema\\\/logo\\\/image\\\/\",\"url\":\"https:\\\/\\\/usurbiltzen.eus\\\/wp-content\\\/uploads\\\/2020\\\/01\\\/cropped-Usurbiltzen-logotipoa.png\",\"contentUrl\":\"https:\\\/\\\/usurbiltzen.eus\\\/wp-content\\\/uploads\\\/2020\\\/01\\\/cropped-Usurbiltzen-logotipoa.png\",\"width\":512,\"height\":512,\"caption\":\"Usurbiltzen\"},\"image\":{\"@id\":\"https:\\\/\\\/usurbiltzen.eus\\\/#\\\/schema\\\/logo\\\/image\\\/\"}}]}<\/script>\n<!-- \/ Yoast SEO plugin. -->","yoast_head_json":{"title":"Medida 105 - Usurbiltzen","robots":{"index":"index","follow":"follow","max-snippet":"max-snippet:-1","max-image-preview":"max-image-preview:large","max-video-preview":"max-video-preview:-1"},"canonical":"https:\/\/usurbiltzen.eus\/es\/proyectos\/105-neurria\/","og_locale":"es_ES","og_type":"article","og_title":"Medida 105 - Usurbiltzen","og_description":"EN MARCHA Medida 105 SOCIEDAD DEL BIENESTAR &gt; VIVIENDA Reflexi\u00f3n \/ modelo \/ organizaci\u00f3n interna: abrir el proceso de reflexi\u00f3n para definir la futura pol\u00edtica de vivienda en Usurbil. Tambi\u00e9n es imprescindible realizar un an\u00e1lisis de los recursos municipales para determinar c\u00f3mo gestionar la pol\u00edtica de vivienda. Aprovechando la redacci\u00f3n del PGOU, se considera necesario [&hellip;]","og_url":"https:\/\/usurbiltzen.eus\/es\/proyectos\/105-neurria\/","og_site_name":"Usurbiltzen","article_modified_time":"2022-12-28T07:58:06+00:00","og_image":[{"width":1500,"height":1000,"url":"https:\/\/usurbiltzen.eus\/wp-content\/uploads\/2020\/02\/105hapo-w.jpg","type":"image\/jpeg"}],"twitter_card":"summary_large_image","twitter_misc":{"Tiempo de lectura":"1 minuto"},"schema":{"@context":"https:\/\/schema.org","@graph":[{"@type":"WebPage","@id":"https:\/\/usurbiltzen.eus\/es\/proyectos\/105-neurria\/","url":"https:\/\/usurbiltzen.eus\/es\/proyectos\/105-neurria\/","name":"Medida 105 - Usurbiltzen","isPartOf":{"@id":"https:\/\/usurbiltzen.eus\/#website"},"primaryImageOfPage":{"@id":"https:\/\/usurbiltzen.eus\/es\/proyectos\/105-neurria\/#primaryimage"},"image":{"@id":"https:\/\/usurbiltzen.eus\/es\/proyectos\/105-neurria\/#primaryimage"},"thumbnailUrl":"https:\/\/usurbiltzen.eus\/wp-content\/uploads\/2020\/02\/105hapo-w.jpg","datePublished":"2020-03-07T10:00:27+00:00","dateModified":"2022-12-28T07:58:06+00:00","breadcrumb":{"@id":"https:\/\/usurbiltzen.eus\/es\/proyectos\/105-neurria\/#breadcrumb"},"inLanguage":"es","potentialAction":[{"@type":"ReadAction","target":["https:\/\/usurbiltzen.eus\/es\/proyectos\/105-neurria\/"]}]},{"@type":"ImageObject","inLanguage":"es","@id":"https:\/\/usurbiltzen.eus\/es\/proyectos\/105-neurria\/#primaryimage","url":"https:\/\/usurbiltzen.eus\/wp-content\/uploads\/2020\/02\/105hapo-w.jpg","contentUrl":"https:\/\/usurbiltzen.eus\/wp-content\/uploads\/2020\/02\/105hapo-w.jpg","width":1500,"height":1000},{"@type":"BreadcrumbList","@id":"https:\/\/usurbiltzen.eus\/es\/proyectos\/105-neurria\/#breadcrumb","itemListElement":[{"@type":"ListItem","position":1,"name":"Home","item":"https:\/\/usurbiltzen.eus\/es\/"},{"@type":"ListItem","position":2,"name":"Proiektuak","item":"https:\/\/usurbiltzen.eus\/proiektuak\/"},{"@type":"ListItem","position":3,"name":"Medida 105"}]},{"@type":"WebSite","@id":"https:\/\/usurbiltzen.eus\/#website","url":"https:\/\/usurbiltzen.eus\/","name":"Usurbiltzen","description":"Legealdiko plana","publisher":{"@id":"https:\/\/usurbiltzen.eus\/#organization"},"potentialAction":[{"@type":"SearchAction","target":{"@type":"EntryPoint","urlTemplate":"https:\/\/usurbiltzen.eus\/?s={search_term_string}"},"query-input":{"@type":"PropertyValueSpecification","valueRequired":true,"valueName":"search_term_string"}}],"inLanguage":"es"},{"@type":"Organization","@id":"https:\/\/usurbiltzen.eus\/#organization","name":"Usurbiltzen","url":"https:\/\/usurbiltzen.eus\/","logo":{"@type":"ImageObject","inLanguage":"es","@id":"https:\/\/usurbiltzen.eus\/#\/schema\/logo\/image\/","url":"https:\/\/usurbiltzen.eus\/wp-content\/uploads\/2020\/01\/cropped-Usurbiltzen-logotipoa.png","contentUrl":"https:\/\/usurbiltzen.eus\/wp-content\/uploads\/2020\/01\/cropped-Usurbiltzen-logotipoa.png","width":512,"height":512,"caption":"Usurbiltzen"},"image":{"@id":"https:\/\/usurbiltzen.eus\/#\/schema\/logo\/image\/"}}]}},"_links":{"self":[{"href":"https:\/\/usurbiltzen.eus\/es\/wp-json\/wp\/v2\/proiektuak\/1801","targetHints":{"allow":["GET"]}}],"collection":[{"href":"https:\/\/usurbiltzen.eus\/es\/wp-json\/wp\/v2\/proiektuak"}],"about":[{"href":"https:\/\/usurbiltzen.eus\/es\/wp-json\/wp\/v2\/types\/proiektuak"}],"version-history":[{"count":9,"href":"https:\/\/usurbiltzen.eus\/es\/wp-json\/wp\/v2\/proiektuak\/1801\/revisions"}],"predecessor-version":[{"id":3497,"href":"https:\/\/usurbiltzen.eus\/es\/wp-json\/wp\/v2\/proiektuak\/1801\/revisions\/3497"}],"wp:featuredmedia":[{"embeddable":true,"href":"https:\/\/usurbiltzen.eus\/es\/wp-json\/wp\/v2\/media\/1309"}],"wp:attachment":[{"href":"https:\/\/usurbiltzen.eus\/es\/wp-json\/wp\/v2\/media?parent=1801"}],"wp:term":[{"taxonomy":"motak","embeddable":true,"href":"https:\/\/usurbiltzen.eus\/es\/wp-json\/wp\/v2\/motak?post=1801"},{"taxonomy":"egoera","embeddable":true,"href":"https:\/\/usurbiltzen.eus\/es\/wp-json\/wp\/v2\/egoera?post=1801"}],"curies":[{"name":"wp","href":"https:\/\/api.w.org\/{rel}","templated":true}]}}