{"id":3245,"date":"2021-10-07T11:08:15","date_gmt":"2021-10-07T09:08:15","guid":{"rendered":"https:\/\/usurbiltzen.eus\/?post_type=proiektuak&#038;p=3245"},"modified":"2023-01-09T13:20:56","modified_gmt":"2023-01-09T12:20:56","slug":"nuevas-medidas-completadas","status":"publish","type":"proiektuak","link":"https:\/\/usurbiltzen.eus\/es\/proyectos\/nuevas-medidas-completadas\/","title":{"rendered":"Nuevas medidas: completadas"},"content":{"rendered":"\t\t<div data-elementor-type=\"wp-post\" data-elementor-id=\"3245\" class=\"elementor elementor-3245 elementor-3188\">\n\t\t\t\t\t\t<section class=\"elementor-section elementor-top-section elementor-element elementor-element-64ae9114 elementor-section-boxed elementor-section-height-default elementor-section-height-default\" data-id=\"64ae9114\" data-element_type=\"section\" data-e-type=\"section\">\n\t\t\t\t\t\t<div class=\"elementor-container elementor-column-gap-default\">\n\t\t\t\t\t<div class=\"elementor-column elementor-col-50 elementor-top-column elementor-element elementor-element-20e02e7f\" data-id=\"20e02e7f\" data-element_type=\"column\" data-e-type=\"column\">\n\t\t\t<div class=\"elementor-widget-wrap elementor-element-populated\">\n\t\t\t\t\t\t<div class=\"elementor-element elementor-element-4d1fa119 elementor-widget elementor-widget-image\" data-id=\"4d1fa119\" data-element_type=\"widget\" data-e-type=\"widget\" data-widget_type=\"image.default\">\n\t\t\t\t<div class=\"elementor-widget-container\">\n\t\t\t\t\t\t\t\t\t\t\t\t\t\t\t<img fetchpriority=\"high\" decoding=\"async\" width=\"1200\" height=\"675\" src=\"https:\/\/usurbiltzen.eus\/wp-content\/uploads\/2021\/10\/20210901_110438-1200x675.jpg\" class=\"attachment-large size-large wp-image-3206\" alt=\"\" srcset=\"https:\/\/usurbiltzen.eus\/wp-content\/uploads\/2021\/10\/20210901_110438-1200x675.jpg 1200w, https:\/\/usurbiltzen.eus\/wp-content\/uploads\/2021\/10\/20210901_110438-600x338.jpg 600w, https:\/\/usurbiltzen.eus\/wp-content\/uploads\/2021\/10\/20210901_110438-768x432.jpg 768w, https:\/\/usurbiltzen.eus\/wp-content\/uploads\/2021\/10\/20210901_110438-1536x864.jpg 1536w, https:\/\/usurbiltzen.eus\/wp-content\/uploads\/2021\/10\/20210901_110438-2048x1152.jpg 2048w, https:\/\/usurbiltzen.eus\/wp-content\/uploads\/2021\/10\/20210901_110438-500x281.jpg 500w, https:\/\/usurbiltzen.eus\/wp-content\/uploads\/2021\/10\/20210901_110438-800x450.jpg 800w, https:\/\/usurbiltzen.eus\/wp-content\/uploads\/2021\/10\/20210901_110438-1280x720.jpg 1280w, https:\/\/usurbiltzen.eus\/wp-content\/uploads\/2021\/10\/20210901_110438-1920x1080.jpg 1920w\" sizes=\"(max-width: 1200px) 100vw, 1200px\" \/>\t\t\t\t\t\t\t\t\t\t\t\t\t\t\t<\/div>\n\t\t\t\t<\/div>\n\t\t\t\t<div class=\"elementor-element elementor-element-4fd50683 elementor-widget elementor-widget-image-gallery\" data-id=\"4fd50683\" data-element_type=\"widget\" data-e-type=\"widget\" data-widget_type=\"image-gallery.default\">\n\t\t\t\t<div class=\"elementor-widget-container\">\n\t\t\t\t\t\t\t<div class=\"elementor-image-gallery\">\n\t\t\t<div id='gallery-1' class='gallery galleryid-3245 gallery-columns-4 gallery-size-thumbnail'><figure class='gallery-item'>\n\t\t\t<div class='gallery-icon landscape'>\n\t\t\t\t<a data-elementor-open-lightbox=\"yes\" data-elementor-lightbox-slideshow=\"4fd50683\" data-elementor-lightbox-title=\"webgunea\" data-e-action-hash=\"#elementor-action%3Aaction%3Dlightbox%26settings%3DeyJpZCI6MzIxOCwidXJsIjoiaHR0cHM6XC9cL3VzdXJiaWx0emVuLmV1c1wvd3AtY29udGVudFwvdXBsb2Fkc1wvMjAyMVwvMTBcL3dlYmd1bmVhLmpwZyIsInNsaWRlc2hvdyI6IjRmZDUwNjgzIn0%3D\" href='https:\/\/usurbiltzen.eus\/wp-content\/uploads\/2021\/10\/webgunea.jpg'><img decoding=\"async\" width=\"300\" height=\"300\" src=\"https:\/\/usurbiltzen.eus\/wp-content\/uploads\/2021\/10\/webgunea-300x300.jpg\" class=\"attachment-thumbnail size-thumbnail\" alt=\"\" \/><\/a>\n\t\t\t<\/div><\/figure><figure class='gallery-item'>\n\t\t\t<div class='gallery-icon portrait'>\n\t\t\t\t<a data-elementor-open-lightbox=\"yes\" data-elementor-lightbox-slideshow=\"4fd50683\" data-elementor-lightbox-title=\"Elhuyar_kartela_WEB\" data-e-action-hash=\"#elementor-action%3Aaction%3Dlightbox%26settings%3DeyJpZCI6MzIxNiwidXJsIjoiaHR0cHM6XC9cL3VzdXJiaWx0emVuLmV1c1wvd3AtY29udGVudFwvdXBsb2Fkc1wvMjAyMVwvMTBcL0VsaHV5YXJfa2FydGVsYV9XRUItc2NhbGVkLmpwZyIsInNsaWRlc2hvdyI6IjRmZDUwNjgzIn0%3D\" href='https:\/\/usurbiltzen.eus\/wp-content\/uploads\/2021\/10\/Elhuyar_kartela_WEB-scaled.jpg'><img decoding=\"async\" width=\"300\" height=\"300\" src=\"https:\/\/usurbiltzen.eus\/wp-content\/uploads\/2021\/10\/Elhuyar_kartela_WEB-300x300.jpg\" class=\"attachment-thumbnail size-thumbnail\" alt=\"\" srcset=\"https:\/\/usurbiltzen.eus\/wp-content\/uploads\/2021\/10\/Elhuyar_kartela_WEB-300x300.jpg 300w, https:\/\/usurbiltzen.eus\/wp-content\/uploads\/2021\/10\/Elhuyar_kartela_WEB-1000x1000.jpg 1000w\" sizes=\"(max-width: 300px) 100vw, 300px\" \/><\/a>\n\t\t\t<\/div><\/figure><figure class='gallery-item'>\n\t\t\t<div class='gallery-icon landscape'>\n\t\t\t\t<a data-elementor-open-lightbox=\"yes\" data-elementor-lightbox-slideshow=\"4fd50683\" data-elementor-lightbox-title=\"irailak24\" data-e-action-hash=\"#elementor-action%3Aaction%3Dlightbox%26settings%3DeyJpZCI6MzIxNCwidXJsIjoiaHR0cHM6XC9cL3VzdXJiaWx0emVuLmV1c1wvd3AtY29udGVudFwvdXBsb2Fkc1wvMjAyMVwvMTBcL2lyYWlsYWsyNC1zY2FsZWQuanBnIiwic2xpZGVzaG93IjoiNGZkNTA2ODMifQ%3D%3D\" href='https:\/\/usurbiltzen.eus\/wp-content\/uploads\/2021\/10\/irailak24-scaled.jpg'><img loading=\"lazy\" decoding=\"async\" width=\"300\" height=\"300\" src=\"https:\/\/usurbiltzen.eus\/wp-content\/uploads\/2021\/10\/irailak24-300x300.jpg\" class=\"attachment-thumbnail size-thumbnail\" alt=\"\" srcset=\"https:\/\/usurbiltzen.eus\/wp-content\/uploads\/2021\/10\/irailak24-300x300.jpg 300w, https:\/\/usurbiltzen.eus\/wp-content\/uploads\/2021\/10\/irailak24-1000x1000.jpg 1000w\" sizes=\"(max-width: 300px) 100vw, 300px\" \/><\/a>\n\t\t\t<\/div><\/figure><figure class='gallery-item'>\n\t\t\t<div class='gallery-icon landscape'>\n\t\t\t\t<a data-elementor-open-lightbox=\"yes\" data-elementor-lightbox-slideshow=\"4fd50683\" data-elementor-lightbox-title=\"prentsaurrekoa\" data-e-action-hash=\"#elementor-action%3Aaction%3Dlightbox%26settings%3DeyJpZCI6MzIxMiwidXJsIjoiaHR0cHM6XC9cL3VzdXJiaWx0emVuLmV1c1wvd3AtY29udGVudFwvdXBsb2Fkc1wvMjAyMVwvMTBcL3ByZW50c2F1cnJla29hLXNjYWxlZC5qcGciLCJzbGlkZXNob3ciOiI0ZmQ1MDY4MyJ9\" href='https:\/\/usurbiltzen.eus\/wp-content\/uploads\/2021\/10\/prentsaurrekoa-scaled.jpg'><img loading=\"lazy\" decoding=\"async\" width=\"300\" height=\"300\" src=\"https:\/\/usurbiltzen.eus\/wp-content\/uploads\/2021\/10\/prentsaurrekoa-300x300.jpg\" class=\"attachment-thumbnail size-thumbnail\" alt=\"\" srcset=\"https:\/\/usurbiltzen.eus\/wp-content\/uploads\/2021\/10\/prentsaurrekoa-300x300.jpg 300w, https:\/\/usurbiltzen.eus\/wp-content\/uploads\/2021\/10\/prentsaurrekoa-1000x1000.jpg 1000w\" sizes=\"(max-width: 300px) 100vw, 300px\" \/><\/a>\n\t\t\t<\/div><\/figure><figure class='gallery-item'>\n\t\t\t<div class='gallery-icon landscape'>\n\t\t\t\t<a data-elementor-open-lightbox=\"yes\" data-elementor-lightbox-slideshow=\"4fd50683\" data-elementor-lightbox-title=\"zubieta1\" data-e-action-hash=\"#elementor-action%3Aaction%3Dlightbox%26settings%3DeyJpZCI6MzIxMCwidXJsIjoiaHR0cHM6XC9cL3VzdXJiaWx0emVuLmV1c1wvd3AtY29udGVudFwvdXBsb2Fkc1wvMjAyMVwvMTBcL3p1YmlldGExLXNjYWxlZC5qcGciLCJzbGlkZXNob3ciOiI0ZmQ1MDY4MyJ9\" href='https:\/\/usurbiltzen.eus\/wp-content\/uploads\/2021\/10\/zubieta1-scaled.jpg'><img loading=\"lazy\" decoding=\"async\" width=\"300\" height=\"300\" src=\"https:\/\/usurbiltzen.eus\/wp-content\/uploads\/2021\/10\/zubieta1-300x300.jpg\" class=\"attachment-thumbnail size-thumbnail\" alt=\"\" srcset=\"https:\/\/usurbiltzen.eus\/wp-content\/uploads\/2021\/10\/zubieta1-300x300.jpg 300w, https:\/\/usurbiltzen.eus\/wp-content\/uploads\/2021\/10\/zubieta1-1000x1000.jpg 1000w\" sizes=\"(max-width: 300px) 100vw, 300px\" \/><\/a>\n\t\t\t<\/div><\/figure><figure class='gallery-item'>\n\t\t\t<div class='gallery-icon landscape'>\n\t\t\t\t<a data-elementor-open-lightbox=\"yes\" data-elementor-lightbox-slideshow=\"4fd50683\" data-elementor-lightbox-title=\"20200203_plaza\" data-e-action-hash=\"#elementor-action%3Aaction%3Dlightbox%26settings%3DeyJpZCI6MzIwOCwidXJsIjoiaHR0cHM6XC9cL3VzdXJiaWx0emVuLmV1c1wvd3AtY29udGVudFwvdXBsb2Fkc1wvMjAyMVwvMTBcLzIwMjAwMjAzX3BsYXphLXNjYWxlZC5qcGciLCJzbGlkZXNob3ciOiI0ZmQ1MDY4MyJ9\" href='https:\/\/usurbiltzen.eus\/wp-content\/uploads\/2021\/10\/20200203_plaza-scaled.jpg'><img loading=\"lazy\" decoding=\"async\" width=\"300\" height=\"300\" src=\"https:\/\/usurbiltzen.eus\/wp-content\/uploads\/2021\/10\/20200203_plaza-300x300.jpg\" class=\"attachment-thumbnail size-thumbnail\" alt=\"\" srcset=\"https:\/\/usurbiltzen.eus\/wp-content\/uploads\/2021\/10\/20200203_plaza-300x300.jpg 300w, https:\/\/usurbiltzen.eus\/wp-content\/uploads\/2021\/10\/20200203_plaza-1000x1000.jpg 1000w\" sizes=\"(max-width: 300px) 100vw, 300px\" \/><\/a>\n\t\t\t<\/div><\/figure><figure class='gallery-item'>\n\t\t\t<div class='gallery-icon landscape'>\n\t\t\t\t<a data-elementor-open-lightbox=\"yes\" data-elementor-lightbox-slideshow=\"4fd50683\" data-elementor-lightbox-title=\"_XT17700-N\" data-e-action-hash=\"#elementor-action%3Aaction%3Dlightbox%26settings%3DeyJpZCI6MjY3MCwidXJsIjoiaHR0cHM6XC9cL3VzdXJiaWx0emVuLmV1c1wvd3AtY29udGVudFwvdXBsb2Fkc1wvMjAyMFwvMDNcL1hUMTc3MDAtTi1zY2FsZWQuanBnIiwic2xpZGVzaG93IjoiNGZkNTA2ODMifQ%3D%3D\" href='https:\/\/usurbiltzen.eus\/wp-content\/uploads\/2020\/03\/XT17700-N-scaled.jpg'><img loading=\"lazy\" decoding=\"async\" width=\"300\" height=\"300\" src=\"https:\/\/usurbiltzen.eus\/wp-content\/uploads\/2020\/03\/XT17700-N-300x300.jpg\" class=\"attachment-thumbnail size-thumbnail\" alt=\"\" srcset=\"https:\/\/usurbiltzen.eus\/wp-content\/uploads\/2020\/03\/XT17700-N-300x300.jpg 300w, https:\/\/usurbiltzen.eus\/wp-content\/uploads\/2020\/03\/XT17700-N-1000x1000.jpg 1000w\" sizes=\"(max-width: 300px) 100vw, 300px\" \/><\/a>\n\t\t\t<\/div><\/figure><figure class='gallery-item'>\n\t\t\t<div class='gallery-icon landscape'>\n\t\t\t\t<a data-elementor-open-lightbox=\"yes\" data-elementor-lightbox-slideshow=\"4fd50683\" data-elementor-lightbox-title=\"20191031_taldean\" data-e-action-hash=\"#elementor-action%3Aaction%3Dlightbox%26settings%3DeyJpZCI6MzIyMSwidXJsIjoiaHR0cHM6XC9cL3VzdXJiaWx0emVuLmV1c1wvd3AtY29udGVudFwvdXBsb2Fkc1wvMjAyMVwvMTBcLzIwMTkxMDMxX3RhbGRlYW4tc2NhbGVkLmpwZyIsInNsaWRlc2hvdyI6IjRmZDUwNjgzIn0%3D\" href='https:\/\/usurbiltzen.eus\/wp-content\/uploads\/2021\/10\/20191031_taldean-scaled.jpg'><img loading=\"lazy\" decoding=\"async\" width=\"300\" height=\"300\" src=\"https:\/\/usurbiltzen.eus\/wp-content\/uploads\/2021\/10\/20191031_taldean-300x300.jpg\" class=\"attachment-thumbnail size-thumbnail\" alt=\"\" srcset=\"https:\/\/usurbiltzen.eus\/wp-content\/uploads\/2021\/10\/20191031_taldean-300x300.jpg 300w, https:\/\/usurbiltzen.eus\/wp-content\/uploads\/2021\/10\/20191031_taldean-1000x1000.jpg 1000w\" sizes=\"(max-width: 300px) 100vw, 300px\" \/><\/a>\n\t\t\t<\/div><\/figure>\n\t\t<\/div>\n\t\t<\/div>\n\t\t\t\t\t\t<\/div>\n\t\t\t\t<\/div>\n\t\t\t\t\t<\/div>\n\t\t<\/div>\n\t\t\t\t<div class=\"elementor-column elementor-col-50 elementor-top-column elementor-element elementor-element-3d0190da\" data-id=\"3d0190da\" data-element_type=\"column\" data-e-type=\"column\">\n\t\t\t<div class=\"elementor-widget-wrap elementor-element-populated\">\n\t\t\t\t\t\t<div class=\"elementor-element elementor-element-bb7dbf2 elementor-widget elementor-widget-heading\" data-id=\"bb7dbf2\" data-element_type=\"widget\" data-e-type=\"widget\" data-widget_type=\"heading.default\">\n\t\t\t\t<div class=\"elementor-widget-container\">\n\t\t\t\t\t<h5 class=\"elementor-heading-title elementor-size-default\">COMPLETADAS<\/h5>\t\t\t\t<\/div>\n\t\t\t\t<\/div>\n\t\t\t\t<div class=\"elementor-element elementor-element-25596a29 elementor-widget elementor-widget-heading\" data-id=\"25596a29\" data-element_type=\"widget\" data-e-type=\"widget\" data-widget_type=\"heading.default\">\n\t\t\t\t<div class=\"elementor-widget-container\">\n\t\t\t\t\t<h2 class=\"elementor-heading-title elementor-size-default\">Nuevas medidas<\/h2>\t\t\t\t<\/div>\n\t\t\t\t<\/div>\n\t\t\t\t<div class=\"elementor-element elementor-element-310a48a9 elementor-widget elementor-widget-text-editor\" data-id=\"310a48a9\" data-element_type=\"widget\" data-e-type=\"widget\" data-widget_type=\"text-editor.default\">\n\t\t\t\t<div class=\"elementor-widget-container\">\n\t\t\t\t\t\t\t\t\t<p><i><span style=\"font-size: medium;\">Identidad popular<\/span><\/i><\/p><ul><li>Euskara<ul type=\"disc\"><li><p><span style=\"font-size: medium;\">Cursos de euskara para mayores en el hogar del jubilado<\/span><\/p><\/li><li><p><span style=\"font-size: medium;\">Charlas organizadas junto con Elhuyar<\/span><\/p><\/li><\/ul><\/li><li>Cultura<ul type=\"disc\"><li><p><span style=\"font-size: medium;\">Kultur Bira<\/span><\/p><\/li><li><p><span style=\"font-size: medium;\">usurbilkultura.eus<\/span><\/p><\/li><\/ul><\/li><li>Patrimonio<ul type=\"disc\"><li><p><span style=\"font-size: medium;\">Renovar el reloj de la iglesia y ponerlo en marcha<\/span><\/p><\/li><li><p><span style=\"font-size: medium;\">Trabajo en torno a las muelas de molino.<\/span><\/p><\/li><\/ul><\/li><li>Educaci\u00f3n<ul type=\"disc\"><li><p><span style=\"font-size: medium;\">Nueva adjudicaci\u00f3n de la haur eskola.<\/span><\/p><\/li><li><p><span style=\"font-size: medium;\">Delegaci\u00f3n de la Formaci\u00f3n Profesional B\u00e1sica de Usurbil.<\/span><\/p><\/li><li><p><span style=\"font-size: medium;\">Saneamiento de la pared izquierda del front\u00f3n de Agerialde.<\/span><\/p><\/li><li><p><span style=\"font-size: medium;\">Intervenciones en el espacio exterior de la ikastola.<\/span><\/p><\/li><li><p><span style=\"font-size: medium;\">Acordar la cesi\u00f3n de Kaxkape para la escuela de Zubieta.<\/span><\/p><\/li><li><p><span style=\"font-size: medium;\">Aumentar la subvenci\u00f3n a Zumarte.<\/span><\/p><\/li><\/ul><\/li><li>Paridad<ul type=\"disc\"><li><p><span style=\"font-size: medium;\">Profundizar en el empoderamiento de las mujeres.<\/span><\/p><\/li><li><p><span style=\"font-size: medium;\">Medidas para responder a la violencia machista en tiempos de Covid.<\/span><\/p><\/li><\/ul><\/li><li>Memoria y convivencia<\/li><li style=\"list-style-type: none;\"><ul type=\"disc\"><li><p><span style=\"font-size: medium;\">Acuerdo pol\u00edtico dentro de la din\u00e1mica \u2018Xua gurasoekin etxera\u2019<\/span><\/p><\/li><\/ul><\/li><li><p><span style=\"font-size: medium;\">Pueblos\/barrios<\/span><\/p><ul type=\"disc\"><li><p><span style=\"font-size: medium;\">Recursos y convenio para renovar la Eliza Zarra conjuntamente.<\/span><\/p><\/li><li><p><span style=\"font-size: medium;\">Renovar la plaza en frente de Erroizpe en Txokoalde.<\/span><\/p><\/li><\/ul><\/li><\/ul><p><i><span style=\"font-size: medium;\">Un pueblo sostenible<\/span><\/i><\/p><ul><li><p><span style=\"font-size: medium;\">Movilidad<\/span><\/p><ul type=\"disc\"><li><p><span style=\"font-size: medium;\">Dar prioridad a los peatones en frente de Zumarte.<\/span><\/p><\/li><li><p><span style=\"font-size: medium;\">Mejorar Olanoenea<\/span><\/p><\/li><li><p><span style=\"font-size: medium;\">Pintar el puente de Zubieta para dar prioridad a peatones y ciclistas.<\/span><\/p><\/li><li><p><span style=\"font-size: medium;\">Mejorar el camino que une Iruin y Artzabaleta<\/span><\/p><\/li><li><p><span style=\"font-size: medium;\">Crear 20 plazas nuevas en el aparcamiento de Txaramunto<\/span><\/p><\/li><\/ul><\/li><li><span style=\"font-size: medium;\">Urbanismo<\/span><ul><li><span style=\"font-size: medium;\">Desarrollar el proyecto para la Sagardo plaza<\/span><\/li><\/ul><\/li><li>Transici\u00f3n energ\u00e9tica<ul type=\"disc\"><li><p><span style=\"font-size: medium;\">Se han realizado las primeras reuniones para poner en marcha el plan de energ\u00eda en Zubieta.<\/span><\/p><\/li><li><p><span style=\"font-size: medium;\">Siguiendo las propuestas realizadas por el t\u00e9cnico de energ\u00eda, se ha conseguido bajar mucho el consumo de varios edificios p\u00fablicos.<\/span><\/p><\/li><li><p><span style=\"font-size: medium;\">Completar el inventario municipal de energ\u00eda y especificar el procedimiento para el seguimiento.<\/span><\/p><\/li><li><p><span style=\"font-size: medium;\">Auditor\u00edas energ\u00e9ticas de los edificios p\u00fablicos y certificados.<\/span><\/p><\/li><li><p><span style=\"font-size: medium;\">Plan de inversi\u00f3n para el alumbrado municipal.<\/span><\/p><\/li><li><p><span style=\"font-size: medium;\">Implantar el software para gestionar la energ\u00eda municipal.<\/span><\/p><\/li><li><p><span style=\"font-size: medium;\">Se han instalado placas fotovolt\u00e1icas en Udarregi y Oiardo.<\/span><\/p><\/li><\/ul><\/li><li>Gesti\u00f3n de residuos urbanos<ul type=\"disc\"><li><p><span style=\"font-size: medium;\">Recogida especial en tiempos de Covid.<\/span><\/p><\/li><li><p><span style=\"font-size: medium;\">Promover y poner en valor la asociaci\u00f3n Hobeki.<\/span><\/p><\/li><li><p><span style=\"font-size: medium;\">Poner en marcha el agrocompostaje.<\/span><\/p><\/li><\/ul><\/li><li>Gesti\u00f3n del agua<\/li><li style=\"list-style-type: none;\"><ul type=\"disc\"><li><p><span style=\"font-size: medium;\">Poner caudal\u00edmetros en fuentes y presa; crear una mesa del agua.<\/span><\/p><\/li><li><p><span style=\"font-size: medium;\">El ayuntamiento ser\u00e1 UCV a partir del 2022.<\/span><\/p><\/li><li><p><span style=\"font-size: medium;\">Hacer una contrataci\u00f3n para poner nuevos contadores en Santuenea<\/span><\/p><\/li><\/ul><\/li><li><p><span style=\"font-size: medium;\">Saneamiento<\/span><\/p><ul type=\"disc\"><li><p><span style=\"font-size: medium;\">Crear una mesa de saneamiento para definir prioridades y un plan<\/span><\/p><\/li><li><p><span style=\"font-size: medium;\">Escribir proyectos para separar el saneamiento en Kalezar y Aginaga.<\/span><\/p><\/li><li><p><span style=\"font-size: medium;\">Seguimiento de la separaci\u00f3n del saneamiento de tres viviendas particulares de Kalezar.<\/span><\/p><\/li><\/ul><\/li><\/ul><p><i><span style=\"font-size: medium;\">Sociedad del bienestar<\/span><\/i><\/p><ul><li>Desarrollo econ\u00f3mico local<ul type=\"disc\"><li><p><span style=\"font-size: medium;\">Bonos con descuento para los\/las usurbildarras y subvenciones para comerciantes en tiempos de Covid.<\/span><\/p><\/li><li><p><span style=\"font-size: medium;\">Poner en marcha el escaparate Gertuago.eus<\/span><\/p><\/li><li><p><span style=\"font-size: medium;\">Conceder una licencia especial para aumentar el espacio de las terrazas; acuerdo con los\/las hosteleras.<\/span><\/p><\/li><li><p><span style=\"font-size: medium;\">Poner en marcha el plan de empleo juvenil: contratar al t\u00e9cnico de energ\u00eda<\/span><\/p><\/li><\/ul><\/li><li>Pol\u00edticas sociales y tercera edad<\/li><li style=\"list-style-type: none;\"><ul type=\"disc\"><li><p><span style=\"font-size: medium;\">Poner en marcha apartamentos\/ viviendas tuteladas para personas en riesgo de exclusi\u00f3n, a nivel comarcal<\/span><\/p><\/li><li><p><span style=\"font-size: medium;\">Subvenciones extraordinarias para garantizar la alimentaci\u00f3n<\/span><\/p><\/li><li><p><span style=\"font-size: medium;\">Llamar por tel\u00e9fonos a todos \/ todas las usurbildarras mayores de 65 a\u00f1os en tiempos de Covid<\/span><\/p><\/li><li><p><span style=\"font-size: medium;\">Trabajo en conjunto con la Red de Voluntarios en tiempos de Covid<\/span><\/p><\/li><\/ul><\/li><li><p><span style=\"font-size: medium;\">Deporte<\/span><\/p><ul type=\"disc\"><li><p><span style=\"font-size: medium;\">An\u00e1lisis de los espacios que no se usan en el polideportivo y redacci\u00f3n de distintos proyectos (accesibilidad \/ recepci\u00f3n + sistemas de control)<\/span><\/p><\/li><li><p><span style=\"font-size: medium;\">Revisi\u00f3n de las subvenciones para la actividad ordinaria de los grupos<\/span><\/p><\/li><li><p><span style=\"font-size: medium;\">Crear una subvenci\u00f3n para facilitar el acceso al Deporte Escolar<\/span><\/p><\/li><li><p><span style=\"font-size: medium;\">Poner en marcha Usurbil Suspertuz<\/span><\/p><\/li><li><p><span style=\"font-size: medium;\">Reorganizar el total funcionamiento de las instalaciones deportivas en tiempos de Covid<\/span><\/p><\/li><li><p><span style=\"font-size: medium;\">Aplicar el sistema online para coger citas<\/span><\/p><\/li><li><p><span style=\"font-size: medium;\">Trabajo en conjunto y seguimiento con diferentes clubs y agentes en tiempos de Covid<\/span><\/p><\/li><\/ul><\/li><\/ul><p><i><span style=\"font-size: medium;\">Ayuntamiento al servicio del pueblo<\/span><\/i><\/p><ul type=\"disc\"><li><p><span style=\"font-size: medium;\">Personal<\/span><\/p><ul type=\"disc\"><li><p><span style=\"font-size: medium;\">Poner en marcha el teletrabajo, con una normativa propia, en tiempos de Covid<\/span><\/p><\/li><li><p><span style=\"font-size: medium;\">Nombrar a responsable de limpieza de los edificios p\u00fablicos, reorganizando los recursos internos<\/span><\/p><\/li><\/ul><\/li><\/ul>\t\t\t\t\t\t\t\t<\/div>\n\t\t\t\t<\/div>\n\t\t\t\t\t<\/div>\n\t\t<\/div>\n\t\t\t\t\t<\/div>\n\t\t<\/section>\n\t\t\t\t<\/div>\n\t\t","protected":false},"featured_media":3240,"template":"","meta":{"site-sidebar-layout":"no-sidebar","site-content-layout":"page-builder","ast-site-content-layout":"default","site-content-style":"default","site-sidebar-style":"default","ast-global-header-display":"","ast-banner-title-visibility":"","ast-main-header-display":"","ast-hfb-above-header-display":"","ast-hfb-below-header-display":"","ast-hfb-mobile-header-display":"","site-post-title":"disabled","ast-breadcrumbs-content":"","ast-featured-img":"disabled","footer-sml-layout":"","ast-disable-related-posts":"","theme-transparent-header-meta":"default","adv-header-id-meta":"","stick-header-meta":"","header-above-stick-meta":"","header-main-stick-meta":"","header-below-stick-meta":"","astra-migrate-meta-layouts":"default","ast-page-background-enabled":"default","ast-page-background-meta":{"desktop":{"background-color":"","background-image":"","background-repeat":"repeat","background-position":"center center","background-size":"auto","background-attachment":"scroll","background-type":"","background-media":"","overlay-type":"","overlay-color":"","overlay-opacity":"","overlay-gradient":""},"tablet":{"background-color":"","background-image":"","background-repeat":"repeat","background-position":"center center","background-size":"auto","background-attachment":"scroll","background-type":"","background-media":"","overlay-type":"","overlay-color":"","overlay-opacity":"","overlay-gradient":""},"mobile":{"background-color":"","background-image":"","background-repeat":"repeat","background-position":"center center","background-size":"auto","background-attachment":"scroll","background-type":"","background-media":"","overlay-type":"","overlay-color":"","overlay-opacity":"","overlay-gradient":""}},"ast-content-background-meta":{"desktop":{"background-color":"var(--ast-global-color-5)","background-image":"","background-repeat":"repeat","background-position":"center center","background-size":"auto","background-attachment":"scroll","background-type":"","background-media":"","overlay-type":"","overlay-color":"","overlay-opacity":"","overlay-gradient":""},"tablet":{"background-color":"var(--ast-global-color-5)","background-image":"","background-repeat":"repeat","background-position":"center center","background-size":"auto","background-attachment":"scroll","background-type":"","background-media":"","overlay-type":"","overlay-color":"","overlay-opacity":"","overlay-gradient":""},"mobile":{"background-color":"var(--ast-global-color-5)","background-image":"","background-repeat":"repeat","background-position":"center center","background-size":"auto","background-attachment":"scroll","background-type":"","background-media":"","overlay-type":"","overlay-color":"","overlay-opacity":"","overlay-gradient":""}},"_vp_format_video_url":"","_vp_image_focal_point":[]},"motak":[],"egoera":[35],"class_list":["post-3245","proiektuak","type-proiektuak","status-publish","has-post-thumbnail","hentry","egoera-eginda-es"],"yoast_head":"<!-- This site is optimized with the Yoast SEO plugin v27.3 - https:\/\/yoast.com\/product\/yoast-seo-wordpress\/ -->\n<title>Nuevas medidas: completadas - Usurbiltzen<\/title>\n<meta name=\"robots\" content=\"index, follow, max-snippet:-1, max-image-preview:large, max-video-preview:-1\" \/>\n<link rel=\"canonical\" href=\"https:\/\/usurbiltzen.eus\/es\/proyectos\/nuevas-medidas-completadas\/\" \/>\n<meta property=\"og:locale\" content=\"es_ES\" \/>\n<meta property=\"og:type\" content=\"article\" \/>\n<meta property=\"og:title\" content=\"Nuevas medidas: completadas - Usurbiltzen\" \/>\n<meta property=\"og:description\" content=\"COMPLETADAS Nuevas medidas Identidad popular Euskara Cursos de euskara para mayores en el hogar del jubilado Charlas organizadas junto con Elhuyar Cultura Kultur Bira usurbilkultura.eus Patrimonio Renovar el reloj de la iglesia y ponerlo en marcha Trabajo en torno a las muelas de molino. Educaci\u00f3n Nueva adjudicaci\u00f3n de la haur eskola. Delegaci\u00f3n de la Formaci\u00f3n [&hellip;]\" \/>\n<meta property=\"og:url\" content=\"https:\/\/usurbiltzen.eus\/es\/proyectos\/nuevas-medidas-completadas\/\" \/>\n<meta property=\"og:site_name\" content=\"Usurbiltzen\" \/>\n<meta property=\"article:modified_time\" content=\"2023-01-09T12:20:56+00:00\" \/>\n<meta property=\"og:image\" content=\"https:\/\/usurbiltzen.eus\/wp-content\/uploads\/2021\/10\/NBegindaw.jpg\" \/>\n\t<meta property=\"og:image:width\" content=\"1500\" \/>\n\t<meta property=\"og:image:height\" content=\"1000\" \/>\n\t<meta property=\"og:image:type\" content=\"image\/jpeg\" \/>\n<meta name=\"twitter:card\" content=\"summary_large_image\" \/>\n<meta name=\"twitter:label1\" content=\"Tiempo de lectura\" \/>\n\t<meta name=\"twitter:data1\" content=\"5 minutos\" \/>\n<script type=\"application\/ld+json\" class=\"yoast-schema-graph\">{\"@context\":\"https:\\\/\\\/schema.org\",\"@graph\":[{\"@type\":\"WebPage\",\"@id\":\"https:\\\/\\\/usurbiltzen.eus\\\/es\\\/proyectos\\\/nuevas-medidas-completadas\\\/\",\"url\":\"https:\\\/\\\/usurbiltzen.eus\\\/es\\\/proyectos\\\/nuevas-medidas-completadas\\\/\",\"name\":\"Nuevas medidas: completadas - Usurbiltzen\",\"isPartOf\":{\"@id\":\"https:\\\/\\\/usurbiltzen.eus\\\/#website\"},\"primaryImageOfPage\":{\"@id\":\"https:\\\/\\\/usurbiltzen.eus\\\/es\\\/proyectos\\\/nuevas-medidas-completadas\\\/#primaryimage\"},\"image\":{\"@id\":\"https:\\\/\\\/usurbiltzen.eus\\\/es\\\/proyectos\\\/nuevas-medidas-completadas\\\/#primaryimage\"},\"thumbnailUrl\":\"https:\\\/\\\/usurbiltzen.eus\\\/wp-content\\\/uploads\\\/2021\\\/10\\\/NBegindaw.jpg\",\"datePublished\":\"2021-10-07T09:08:15+00:00\",\"dateModified\":\"2023-01-09T12:20:56+00:00\",\"breadcrumb\":{\"@id\":\"https:\\\/\\\/usurbiltzen.eus\\\/es\\\/proyectos\\\/nuevas-medidas-completadas\\\/#breadcrumb\"},\"inLanguage\":\"es\",\"potentialAction\":[{\"@type\":\"ReadAction\",\"target\":[\"https:\\\/\\\/usurbiltzen.eus\\\/es\\\/proyectos\\\/nuevas-medidas-completadas\\\/\"]}]},{\"@type\":\"ImageObject\",\"inLanguage\":\"es\",\"@id\":\"https:\\\/\\\/usurbiltzen.eus\\\/es\\\/proyectos\\\/nuevas-medidas-completadas\\\/#primaryimage\",\"url\":\"https:\\\/\\\/usurbiltzen.eus\\\/wp-content\\\/uploads\\\/2021\\\/10\\\/NBegindaw.jpg\",\"contentUrl\":\"https:\\\/\\\/usurbiltzen.eus\\\/wp-content\\\/uploads\\\/2021\\\/10\\\/NBegindaw.jpg\",\"width\":1500,\"height\":1000},{\"@type\":\"BreadcrumbList\",\"@id\":\"https:\\\/\\\/usurbiltzen.eus\\\/es\\\/proyectos\\\/nuevas-medidas-completadas\\\/#breadcrumb\",\"itemListElement\":[{\"@type\":\"ListItem\",\"position\":1,\"name\":\"Home\",\"item\":\"https:\\\/\\\/usurbiltzen.eus\\\/es\\\/\"},{\"@type\":\"ListItem\",\"position\":2,\"name\":\"Proiektuak\",\"item\":\"https:\\\/\\\/usurbiltzen.eus\\\/proiektuak\\\/\"},{\"@type\":\"ListItem\",\"position\":3,\"name\":\"Nuevas medidas: completadas\"}]},{\"@type\":\"WebSite\",\"@id\":\"https:\\\/\\\/usurbiltzen.eus\\\/#website\",\"url\":\"https:\\\/\\\/usurbiltzen.eus\\\/\",\"name\":\"Usurbiltzen\",\"description\":\"Legealdiko plana\",\"publisher\":{\"@id\":\"https:\\\/\\\/usurbiltzen.eus\\\/#organization\"},\"potentialAction\":[{\"@type\":\"SearchAction\",\"target\":{\"@type\":\"EntryPoint\",\"urlTemplate\":\"https:\\\/\\\/usurbiltzen.eus\\\/?s={search_term_string}\"},\"query-input\":{\"@type\":\"PropertyValueSpecification\",\"valueRequired\":true,\"valueName\":\"search_term_string\"}}],\"inLanguage\":\"es\"},{\"@type\":\"Organization\",\"@id\":\"https:\\\/\\\/usurbiltzen.eus\\\/#organization\",\"name\":\"Usurbiltzen\",\"url\":\"https:\\\/\\\/usurbiltzen.eus\\\/\",\"logo\":{\"@type\":\"ImageObject\",\"inLanguage\":\"es\",\"@id\":\"https:\\\/\\\/usurbiltzen.eus\\\/#\\\/schema\\\/logo\\\/image\\\/\",\"url\":\"https:\\\/\\\/usurbiltzen.eus\\\/wp-content\\\/uploads\\\/2020\\\/01\\\/cropped-Usurbiltzen-logotipoa.png\",\"contentUrl\":\"https:\\\/\\\/usurbiltzen.eus\\\/wp-content\\\/uploads\\\/2020\\\/01\\\/cropped-Usurbiltzen-logotipoa.png\",\"width\":512,\"height\":512,\"caption\":\"Usurbiltzen\"},\"image\":{\"@id\":\"https:\\\/\\\/usurbiltzen.eus\\\/#\\\/schema\\\/logo\\\/image\\\/\"}}]}<\/script>\n<!-- \/ Yoast SEO plugin. -->","yoast_head_json":{"title":"Nuevas medidas: completadas - Usurbiltzen","robots":{"index":"index","follow":"follow","max-snippet":"max-snippet:-1","max-image-preview":"max-image-preview:large","max-video-preview":"max-video-preview:-1"},"canonical":"https:\/\/usurbiltzen.eus\/es\/proyectos\/nuevas-medidas-completadas\/","og_locale":"es_ES","og_type":"article","og_title":"Nuevas medidas: completadas - Usurbiltzen","og_description":"COMPLETADAS Nuevas medidas Identidad popular Euskara Cursos de euskara para mayores en el hogar del jubilado Charlas organizadas junto con Elhuyar Cultura Kultur Bira usurbilkultura.eus Patrimonio Renovar el reloj de la iglesia y ponerlo en marcha Trabajo en torno a las muelas de molino. Educaci\u00f3n Nueva adjudicaci\u00f3n de la haur eskola. Delegaci\u00f3n de la Formaci\u00f3n [&hellip;]","og_url":"https:\/\/usurbiltzen.eus\/es\/proyectos\/nuevas-medidas-completadas\/","og_site_name":"Usurbiltzen","article_modified_time":"2023-01-09T12:20:56+00:00","og_image":[{"width":1500,"height":1000,"url":"https:\/\/usurbiltzen.eus\/wp-content\/uploads\/2021\/10\/NBegindaw.jpg","type":"image\/jpeg"}],"twitter_card":"summary_large_image","twitter_misc":{"Tiempo de lectura":"5 minutos"},"schema":{"@context":"https:\/\/schema.org","@graph":[{"@type":"WebPage","@id":"https:\/\/usurbiltzen.eus\/es\/proyectos\/nuevas-medidas-completadas\/","url":"https:\/\/usurbiltzen.eus\/es\/proyectos\/nuevas-medidas-completadas\/","name":"Nuevas medidas: completadas - Usurbiltzen","isPartOf":{"@id":"https:\/\/usurbiltzen.eus\/#website"},"primaryImageOfPage":{"@id":"https:\/\/usurbiltzen.eus\/es\/proyectos\/nuevas-medidas-completadas\/#primaryimage"},"image":{"@id":"https:\/\/usurbiltzen.eus\/es\/proyectos\/nuevas-medidas-completadas\/#primaryimage"},"thumbnailUrl":"https:\/\/usurbiltzen.eus\/wp-content\/uploads\/2021\/10\/NBegindaw.jpg","datePublished":"2021-10-07T09:08:15+00:00","dateModified":"2023-01-09T12:20:56+00:00","breadcrumb":{"@id":"https:\/\/usurbiltzen.eus\/es\/proyectos\/nuevas-medidas-completadas\/#breadcrumb"},"inLanguage":"es","potentialAction":[{"@type":"ReadAction","target":["https:\/\/usurbiltzen.eus\/es\/proyectos\/nuevas-medidas-completadas\/"]}]},{"@type":"ImageObject","inLanguage":"es","@id":"https:\/\/usurbiltzen.eus\/es\/proyectos\/nuevas-medidas-completadas\/#primaryimage","url":"https:\/\/usurbiltzen.eus\/wp-content\/uploads\/2021\/10\/NBegindaw.jpg","contentUrl":"https:\/\/usurbiltzen.eus\/wp-content\/uploads\/2021\/10\/NBegindaw.jpg","width":1500,"height":1000},{"@type":"BreadcrumbList","@id":"https:\/\/usurbiltzen.eus\/es\/proyectos\/nuevas-medidas-completadas\/#breadcrumb","itemListElement":[{"@type":"ListItem","position":1,"name":"Home","item":"https:\/\/usurbiltzen.eus\/es\/"},{"@type":"ListItem","position":2,"name":"Proiektuak","item":"https:\/\/usurbiltzen.eus\/proiektuak\/"},{"@type":"ListItem","position":3,"name":"Nuevas medidas: completadas"}]},{"@type":"WebSite","@id":"https:\/\/usurbiltzen.eus\/#website","url":"https:\/\/usurbiltzen.eus\/","name":"Usurbiltzen","description":"Legealdiko plana","publisher":{"@id":"https:\/\/usurbiltzen.eus\/#organization"},"potentialAction":[{"@type":"SearchAction","target":{"@type":"EntryPoint","urlTemplate":"https:\/\/usurbiltzen.eus\/?s={search_term_string}"},"query-input":{"@type":"PropertyValueSpecification","valueRequired":true,"valueName":"search_term_string"}}],"inLanguage":"es"},{"@type":"Organization","@id":"https:\/\/usurbiltzen.eus\/#organization","name":"Usurbiltzen","url":"https:\/\/usurbiltzen.eus\/","logo":{"@type":"ImageObject","inLanguage":"es","@id":"https:\/\/usurbiltzen.eus\/#\/schema\/logo\/image\/","url":"https:\/\/usurbiltzen.eus\/wp-content\/uploads\/2020\/01\/cropped-Usurbiltzen-logotipoa.png","contentUrl":"https:\/\/usurbiltzen.eus\/wp-content\/uploads\/2020\/01\/cropped-Usurbiltzen-logotipoa.png","width":512,"height":512,"caption":"Usurbiltzen"},"image":{"@id":"https:\/\/usurbiltzen.eus\/#\/schema\/logo\/image\/"}}]}},"_links":{"self":[{"href":"https:\/\/usurbiltzen.eus\/es\/wp-json\/wp\/v2\/proiektuak\/3245","targetHints":{"allow":["GET"]}}],"collection":[{"href":"https:\/\/usurbiltzen.eus\/es\/wp-json\/wp\/v2\/proiektuak"}],"about":[{"href":"https:\/\/usurbiltzen.eus\/es\/wp-json\/wp\/v2\/types\/proiektuak"}],"version-history":[{"count":39,"href":"https:\/\/usurbiltzen.eus\/es\/wp-json\/wp\/v2\/proiektuak\/3245\/revisions"}],"predecessor-version":[{"id":3625,"href":"https:\/\/usurbiltzen.eus\/es\/wp-json\/wp\/v2\/proiektuak\/3245\/revisions\/3625"}],"wp:featuredmedia":[{"embeddable":true,"href":"https:\/\/usurbiltzen.eus\/es\/wp-json\/wp\/v2\/media\/3240"}],"wp:attachment":[{"href":"https:\/\/usurbiltzen.eus\/es\/wp-json\/wp\/v2\/media?parent=3245"}],"wp:term":[{"taxonomy":"motak","embeddable":true,"href":"https:\/\/usurbiltzen.eus\/es\/wp-json\/wp\/v2\/motak?post=3245"},{"taxonomy":"egoera","embeddable":true,"href":"https:\/\/usurbiltzen.eus\/es\/wp-json\/wp\/v2\/egoera?post=3245"}],"curies":[{"name":"wp","href":"https:\/\/api.w.org\/{rel}","templated":true}]}}