{"id":3252,"date":"2021-10-07T11:12:52","date_gmt":"2021-10-07T09:12:52","guid":{"rendered":"https:\/\/usurbiltzen.eus\/proiektuak\/apartekoak-hasita\/"},"modified":"2022-12-28T13:11:07","modified_gmt":"2022-12-28T12:11:07","slug":"nuevas-medidas-en-marcha","status":"publish","type":"proiektuak","link":"https:\/\/usurbiltzen.eus\/es\/proyectos\/nuevas-medidas-en-marcha\/","title":{"rendered":"Nuevas medidas: en marcha"},"content":{"rendered":"\t\t<div data-elementor-type=\"wp-post\" data-elementor-id=\"3252\" class=\"elementor elementor-3252 elementor-3197\">\n\t\t\t\t\t\t<section class=\"elementor-section elementor-top-section elementor-element elementor-element-5f235ca6 elementor-section-boxed elementor-section-height-default elementor-section-height-default\" data-id=\"5f235ca6\" data-element_type=\"section\" data-e-type=\"section\">\n\t\t\t\t\t\t<div class=\"elementor-container elementor-column-gap-default\">\n\t\t\t\t\t<div class=\"elementor-column elementor-col-50 elementor-top-column elementor-element elementor-element-480e071c\" data-id=\"480e071c\" data-element_type=\"column\" data-e-type=\"column\">\n\t\t\t<div class=\"elementor-widget-wrap elementor-element-populated\">\n\t\t\t\t\t\t<div class=\"elementor-element elementor-element-486586d6 elementor-widget elementor-widget-image\" data-id=\"486586d6\" data-element_type=\"widget\" data-e-type=\"widget\" data-widget_type=\"image.default\">\n\t\t\t\t<div class=\"elementor-widget-container\">\n\t\t\t\t\t\t\t\t\t\t\t\t\t\t\t<img fetchpriority=\"high\" decoding=\"async\" width=\"1200\" height=\"675\" src=\"https:\/\/usurbiltzen.eus\/wp-content\/uploads\/2021\/10\/20210920_172315-1200x675.jpg\" class=\"attachment-large size-large wp-image-3226\" alt=\"\" srcset=\"https:\/\/usurbiltzen.eus\/wp-content\/uploads\/2021\/10\/20210920_172315-1200x675.jpg 1200w, https:\/\/usurbiltzen.eus\/wp-content\/uploads\/2021\/10\/20210920_172315-600x338.jpg 600w, https:\/\/usurbiltzen.eus\/wp-content\/uploads\/2021\/10\/20210920_172315-768x432.jpg 768w, https:\/\/usurbiltzen.eus\/wp-content\/uploads\/2021\/10\/20210920_172315-1536x864.jpg 1536w, https:\/\/usurbiltzen.eus\/wp-content\/uploads\/2021\/10\/20210920_172315-2048x1152.jpg 2048w, https:\/\/usurbiltzen.eus\/wp-content\/uploads\/2021\/10\/20210920_172315-500x281.jpg 500w, https:\/\/usurbiltzen.eus\/wp-content\/uploads\/2021\/10\/20210920_172315-800x450.jpg 800w, https:\/\/usurbiltzen.eus\/wp-content\/uploads\/2021\/10\/20210920_172315-1280x720.jpg 1280w, https:\/\/usurbiltzen.eus\/wp-content\/uploads\/2021\/10\/20210920_172315-1920x1080.jpg 1920w\" sizes=\"(max-width: 1200px) 100vw, 1200px\" \/>\t\t\t\t\t\t\t\t\t\t\t\t\t\t\t<\/div>\n\t\t\t\t<\/div>\n\t\t\t\t<div class=\"elementor-element elementor-element-556e811a elementor-widget elementor-widget-image-gallery\" data-id=\"556e811a\" data-element_type=\"widget\" data-e-type=\"widget\" data-widget_type=\"image-gallery.default\">\n\t\t\t\t<div class=\"elementor-widget-container\">\n\t\t\t\t\t\t\t<div class=\"elementor-image-gallery\">\n\t\t\t\n<a data-elementor-open-lightbox=\"yes\" data-elementor-lightbox-slideshow=\"556e811a\" data-elementor-lightbox-title=\"20201119_orokorra\" data-e-action-hash=\"#elementor-action%3Aaction%3Dlightbox%26settings%3DeyJpZCI6MzIyOSwidXJsIjoiaHR0cHM6XC9cL3VzdXJiaWx0emVuLmV1c1wvd3AtY29udGVudFwvdXBsb2Fkc1wvMjAyMVwvMTBcLzIwMjAxMTE5X29yb2tvcnJhLXNjYWxlZC5qcGciLCJzbGlkZXNob3ciOiI1NTZlODExYSJ9\" href='https:\/\/usurbiltzen.eus\/wp-content\/uploads\/2021\/10\/20201119_orokorra-scaled.jpg'><img decoding=\"async\" width=\"300\" height=\"300\" src=\"https:\/\/usurbiltzen.eus\/wp-content\/uploads\/2021\/10\/20201119_orokorra-300x300.jpg\" class=\"attachment-thumbnail size-thumbnail\" alt=\"\" srcset=\"https:\/\/usurbiltzen.eus\/wp-content\/uploads\/2021\/10\/20201119_orokorra-300x300.jpg 300w, https:\/\/usurbiltzen.eus\/wp-content\/uploads\/2021\/10\/20201119_orokorra-1000x1000.jpg 1000w\" sizes=\"(max-width: 300px) 100vw, 300px\" \/><\/a>\n<a data-elementor-open-lightbox=\"yes\" data-elementor-lightbox-slideshow=\"556e811a\" data-elementor-lightbox-title=\"20200518_sutegi2-w\" data-e-action-hash=\"#elementor-action%3Aaction%3Dlightbox%26settings%3DeyJpZCI6MzIzMSwidXJsIjoiaHR0cHM6XC9cL3VzdXJiaWx0emVuLmV1c1wvd3AtY29udGVudFwvdXBsb2Fkc1wvMjAyMVwvMTBcLzIwMjAwNTE4X3N1dGVnaTItdy5qcGciLCJzbGlkZXNob3ciOiI1NTZlODExYSJ9\" href='https:\/\/usurbiltzen.eus\/wp-content\/uploads\/2021\/10\/20200518_sutegi2-w.jpg'><img decoding=\"async\" width=\"300\" height=\"300\" src=\"https:\/\/usurbiltzen.eus\/wp-content\/uploads\/2021\/10\/20200518_sutegi2-w-300x300.jpg\" class=\"attachment-thumbnail size-thumbnail\" alt=\"\" srcset=\"https:\/\/usurbiltzen.eus\/wp-content\/uploads\/2021\/10\/20200518_sutegi2-w-300x300.jpg 300w, https:\/\/usurbiltzen.eus\/wp-content\/uploads\/2021\/10\/20200518_sutegi2-w-1000x1000.jpg 1000w\" sizes=\"(max-width: 300px) 100vw, 300px\" \/><\/a>\n<a data-elementor-open-lightbox=\"yes\" data-elementor-lightbox-slideshow=\"556e811a\" data-elementor-lightbox-title=\"zirimara-aginaga\" data-e-action-hash=\"#elementor-action%3Aaction%3Dlightbox%26settings%3DeyJpZCI6MzIzMywidXJsIjoiaHR0cHM6XC9cL3VzdXJiaWx0emVuLmV1c1wvd3AtY29udGVudFwvdXBsb2Fkc1wvMjAyMVwvMTBcL3ppcmltYXJhLWFnaW5hZ2EuanBnIiwic2xpZGVzaG93IjoiNTU2ZTgxMWEifQ%3D%3D\" href='https:\/\/usurbiltzen.eus\/wp-content\/uploads\/2021\/10\/zirimara-aginaga.jpg'><img loading=\"lazy\" decoding=\"async\" width=\"300\" height=\"300\" src=\"https:\/\/usurbiltzen.eus\/wp-content\/uploads\/2021\/10\/zirimara-aginaga-300x300.jpg\" class=\"attachment-thumbnail size-thumbnail\" alt=\"\" srcset=\"https:\/\/usurbiltzen.eus\/wp-content\/uploads\/2021\/10\/zirimara-aginaga-300x300.jpg 300w, https:\/\/usurbiltzen.eus\/wp-content\/uploads\/2021\/10\/zirimara-aginaga-1000x1000.jpg 1000w\" sizes=\"(max-width: 300px) 100vw, 300px\" \/><\/a>\n<a data-elementor-open-lightbox=\"yes\" data-elementor-lightbox-slideshow=\"556e811a\" data-elementor-lightbox-title=\"20210923_zutik\" data-e-action-hash=\"#elementor-action%3Aaction%3Dlightbox%26settings%3DeyJpZCI6MzIzNSwidXJsIjoiaHR0cHM6XC9cL3VzdXJiaWx0emVuLmV1c1wvd3AtY29udGVudFwvdXBsb2Fkc1wvMjAyMVwvMTBcLzIwMjEwOTIzX3p1dGlrLXNjYWxlZC5qcGciLCJzbGlkZXNob3ciOiI1NTZlODExYSJ9\" href='https:\/\/usurbiltzen.eus\/wp-content\/uploads\/2021\/10\/20210923_zutik-scaled.jpg'><img loading=\"lazy\" decoding=\"async\" width=\"300\" height=\"300\" src=\"https:\/\/usurbiltzen.eus\/wp-content\/uploads\/2021\/10\/20210923_zutik-300x300.jpg\" class=\"attachment-thumbnail size-thumbnail\" alt=\"\" srcset=\"https:\/\/usurbiltzen.eus\/wp-content\/uploads\/2021\/10\/20210923_zutik-300x300.jpg 300w, https:\/\/usurbiltzen.eus\/wp-content\/uploads\/2021\/10\/20210923_zutik-1000x1000.jpg 1000w\" sizes=\"(max-width: 300px) 100vw, 300px\" \/><\/a>\n\t\t<\/div>\n\t\t\t\t\t\t<\/div>\n\t\t\t\t<\/div>\n\t\t\t\t\t<\/div>\n\t\t<\/div>\n\t\t\t\t<div class=\"elementor-column elementor-col-50 elementor-top-column elementor-element elementor-element-515e3e6b\" data-id=\"515e3e6b\" data-element_type=\"column\" data-e-type=\"column\">\n\t\t\t<div class=\"elementor-widget-wrap elementor-element-populated\">\n\t\t\t\t\t\t<div class=\"elementor-element elementor-element-162d3611 elementor-widget elementor-widget-heading\" data-id=\"162d3611\" data-element_type=\"widget\" data-e-type=\"widget\" data-widget_type=\"heading.default\">\n\t\t\t\t<div class=\"elementor-widget-container\">\n\t\t\t\t\t<h5 class=\"elementor-heading-title elementor-size-default\">EN MARCHA<\/h5>\t\t\t\t<\/div>\n\t\t\t\t<\/div>\n\t\t\t\t<div class=\"elementor-element elementor-element-5a9fad91 elementor-widget elementor-widget-heading\" data-id=\"5a9fad91\" data-element_type=\"widget\" data-e-type=\"widget\" data-widget_type=\"heading.default\">\n\t\t\t\t<div class=\"elementor-widget-container\">\n\t\t\t\t\t<h2 class=\"elementor-heading-title elementor-size-default\">Nuevas medidas<\/h2>\t\t\t\t<\/div>\n\t\t\t\t<\/div>\n\t\t\t\t<div class=\"elementor-element elementor-element-b5dd85c elementor-widget elementor-widget-text-editor\" data-id=\"b5dd85c\" data-element_type=\"widget\" data-e-type=\"widget\" data-widget_type=\"text-editor.default\">\n\t\t\t\t<div class=\"elementor-widget-container\">\n\t\t\t\t\t\t\t\t\t<p><i><span style=\"font-size: medium;\">Identidad popular<\/span><\/i><\/p><ul type=\"disc\"><li><ul type=\"disc\"><li><p><span style=\"font-size: medium;\">Realizar seguimiento de las excavaciones de Aranzadi.<\/span><\/p><p><span style=\"font-size: medium;\">Patrimonio<\/span><\/p><\/li><\/ul><\/li><li><p><span style=\"font-size: medium;\">Educaci\u00f3n<\/span><\/p><ul type=\"disc\"><li><p><span style=\"font-size: medium;\">Organizar cursillos sobre reanimaci\u00f3n pulmonar-coraz\u00f3n con la ayuda de DYA.<\/span><\/p><\/li><\/ul><\/li><\/ul><p><i><span style=\"font-size: medium;\">Sociedad del bienestar<\/span><\/i><\/p><ul><li><p><span style=\"font-size: medium;\">Desarrollo econ\u00f3mico local<\/span><\/p><ul type=\"disc\"><li><p><span style=\"font-size: medium;\">Proceso participativo para crear y poner en marcha un nuevo ecosistema de cuidados.<\/span><\/p><\/li><li><p><span style=\"font-size: medium;\">Investigaci\u00f3n etnogr\u00e1fica sobre la sidra y plan estrat\u00e9gico<\/span><\/p><\/li><\/ul><\/li><li>Pol\u00edticas sociales y tercera edad<ul type=\"disc\"><li><p><span style=\"font-size: medium;\">Reformulaci\u00f3n de las ordenanzas fiscales.<\/span><\/p><\/li><\/ul><\/li><li>Juventud<\/li><li style=\"list-style-type: none;\"><ul type=\"disc\"><li><p><span style=\"font-size: medium;\">Seguir expandiendo Zirimara: Santuenea, trabajo con el balonmano, familias y conciliaci\u00f3n.<\/span><\/p><\/li><\/ul><\/li><li><p><span style=\"font-size: medium;\">Deporte<\/span><\/p><ul type=\"disc\"><li><p><span style=\"font-size: medium;\">Adaptar el local de arriba de Harane y analizar sus posibles usos.<\/span><\/p><\/li><li><p><span style=\"font-size: medium;\">Recuperar la actividad de la bolera.<\/span><\/p><\/li><li><p><span style=\"font-size: medium;\">Escuela de empoderamiento para madres basada en la actividad f\u00edsica.<\/span><\/p><\/li><\/ul><\/li><\/ul><p><i><span style=\"font-size: medium;\">Ayuntamiento al servicio del pueblo<\/span><\/i><\/p><ul type=\"disc\"><li><p><span style=\"font-size: medium;\">Reorganizaci\u00f3n del ayuntamiento<\/span><\/p><ul type=\"disc\"><li><p><span style=\"font-size: medium;\">Poner en marcha la aplicaci\u00f3n para reservar los locales de Potxoenea y Artzabal.<\/span><\/p><\/li><\/ul><\/li><\/ul>\t\t\t\t\t\t\t\t<\/div>\n\t\t\t\t<\/div>\n\t\t\t\t\t<\/div>\n\t\t<\/div>\n\t\t\t\t\t<\/div>\n\t\t<\/section>\n\t\t\t\t<\/div>\n\t\t","protected":false},"featured_media":3243,"template":"","meta":{"site-sidebar-layout":"no-sidebar","site-content-layout":"page-builder","ast-site-content-layout":"default","site-content-style":"default","site-sidebar-style":"default","ast-global-header-display":"","ast-banner-title-visibility":"","ast-main-header-display":"","ast-hfb-above-header-display":"","ast-hfb-below-header-display":"","ast-hfb-mobile-header-display":"","site-post-title":"disabled","ast-breadcrumbs-content":"","ast-featured-img":"disabled","footer-sml-layout":"","ast-disable-related-posts":"","theme-transparent-header-meta":"default","adv-header-id-meta":"","stick-header-meta":"","header-above-stick-meta":"","header-main-stick-meta":"","header-below-stick-meta":"","astra-migrate-meta-layouts":"default","ast-page-background-enabled":"default","ast-page-background-meta":{"desktop":{"background-color":"","background-image":"","background-repeat":"repeat","background-position":"center center","background-size":"auto","background-attachment":"scroll","background-type":"","background-media":"","overlay-type":"","overlay-color":"","overlay-opacity":"","overlay-gradient":""},"tablet":{"background-color":"","background-image":"","background-repeat":"repeat","background-position":"center center","background-size":"auto","background-attachment":"scroll","background-type":"","background-media":"","overlay-type":"","overlay-color":"","overlay-opacity":"","overlay-gradient":""},"mobile":{"background-color":"","background-image":"","background-repeat":"repeat","background-position":"center center","background-size":"auto","background-attachment":"scroll","background-type":"","background-media":"","overlay-type":"","overlay-color":"","overlay-opacity":"","overlay-gradient":""}},"ast-content-background-meta":{"desktop":{"background-color":"var(--ast-global-color-5)","background-image":"","background-repeat":"repeat","background-position":"center center","background-size":"auto","background-attachment":"scroll","background-type":"","background-media":"","overlay-type":"","overlay-color":"","overlay-opacity":"","overlay-gradient":""},"tablet":{"background-color":"var(--ast-global-color-5)","background-image":"","background-repeat":"repeat","background-position":"center center","background-size":"auto","background-attachment":"scroll","background-type":"","background-media":"","overlay-type":"","overlay-color":"","overlay-opacity":"","overlay-gradient":""},"mobile":{"background-color":"var(--ast-global-color-5)","background-image":"","background-repeat":"repeat","background-position":"center center","background-size":"auto","background-attachment":"scroll","background-type":"","background-media":"","overlay-type":"","overlay-color":"","overlay-opacity":"","overlay-gradient":""}},"_vp_format_video_url":"","_vp_image_focal_point":[]},"motak":[],"egoera":[32],"class_list":["post-3252","proiektuak","type-proiektuak","status-publish","has-post-thumbnail","hentry","egoera-hasita-es"],"yoast_head":"<!-- This site is optimized with the Yoast SEO plugin v27.3 - https:\/\/yoast.com\/product\/yoast-seo-wordpress\/ -->\n<title>Nuevas medidas: en marcha - Usurbiltzen<\/title>\n<meta name=\"robots\" content=\"index, follow, max-snippet:-1, max-image-preview:large, max-video-preview:-1\" \/>\n<link rel=\"canonical\" href=\"https:\/\/usurbiltzen.eus\/es\/proyectos\/nuevas-medidas-en-marcha\/\" \/>\n<meta property=\"og:locale\" content=\"es_ES\" \/>\n<meta property=\"og:type\" content=\"article\" \/>\n<meta property=\"og:title\" content=\"Nuevas medidas: en marcha - Usurbiltzen\" \/>\n<meta property=\"og:description\" content=\"EN MARCHA Nuevas medidas Identidad popular Realizar seguimiento de las excavaciones de Aranzadi. Patrimonio Educaci\u00f3n Organizar cursillos sobre reanimaci\u00f3n pulmonar-coraz\u00f3n con la ayuda de DYA. Sociedad del bienestar Desarrollo econ\u00f3mico local Proceso participativo para crear y poner en marcha un nuevo ecosistema de cuidados. Investigaci\u00f3n etnogr\u00e1fica sobre la sidra y plan estrat\u00e9gico Pol\u00edticas sociales y [&hellip;]\" \/>\n<meta property=\"og:url\" content=\"https:\/\/usurbiltzen.eus\/es\/proyectos\/nuevas-medidas-en-marcha\/\" \/>\n<meta property=\"og:site_name\" content=\"Usurbiltzen\" \/>\n<meta property=\"article:modified_time\" content=\"2022-12-28T12:11:07+00:00\" \/>\n<meta property=\"og:image\" content=\"https:\/\/usurbiltzen.eus\/wp-content\/uploads\/2021\/10\/NBhasitaw.jpg\" \/>\n\t<meta property=\"og:image:width\" content=\"1500\" \/>\n\t<meta property=\"og:image:height\" content=\"1000\" \/>\n\t<meta property=\"og:image:type\" content=\"image\/jpeg\" \/>\n<meta name=\"twitter:card\" content=\"summary_large_image\" \/>\n<meta name=\"twitter:label1\" content=\"Tiempo de lectura\" \/>\n\t<meta name=\"twitter:data1\" content=\"2 minutos\" \/>\n<script type=\"application\/ld+json\" class=\"yoast-schema-graph\">{\"@context\":\"https:\\\/\\\/schema.org\",\"@graph\":[{\"@type\":\"WebPage\",\"@id\":\"https:\\\/\\\/usurbiltzen.eus\\\/es\\\/proyectos\\\/nuevas-medidas-en-marcha\\\/\",\"url\":\"https:\\\/\\\/usurbiltzen.eus\\\/es\\\/proyectos\\\/nuevas-medidas-en-marcha\\\/\",\"name\":\"Nuevas medidas: en marcha - Usurbiltzen\",\"isPartOf\":{\"@id\":\"https:\\\/\\\/usurbiltzen.eus\\\/#website\"},\"primaryImageOfPage\":{\"@id\":\"https:\\\/\\\/usurbiltzen.eus\\\/es\\\/proyectos\\\/nuevas-medidas-en-marcha\\\/#primaryimage\"},\"image\":{\"@id\":\"https:\\\/\\\/usurbiltzen.eus\\\/es\\\/proyectos\\\/nuevas-medidas-en-marcha\\\/#primaryimage\"},\"thumbnailUrl\":\"https:\\\/\\\/usurbiltzen.eus\\\/wp-content\\\/uploads\\\/2021\\\/10\\\/NBhasitaw.jpg\",\"datePublished\":\"2021-10-07T09:12:52+00:00\",\"dateModified\":\"2022-12-28T12:11:07+00:00\",\"breadcrumb\":{\"@id\":\"https:\\\/\\\/usurbiltzen.eus\\\/es\\\/proyectos\\\/nuevas-medidas-en-marcha\\\/#breadcrumb\"},\"inLanguage\":\"es\",\"potentialAction\":[{\"@type\":\"ReadAction\",\"target\":[\"https:\\\/\\\/usurbiltzen.eus\\\/es\\\/proyectos\\\/nuevas-medidas-en-marcha\\\/\"]}]},{\"@type\":\"ImageObject\",\"inLanguage\":\"es\",\"@id\":\"https:\\\/\\\/usurbiltzen.eus\\\/es\\\/proyectos\\\/nuevas-medidas-en-marcha\\\/#primaryimage\",\"url\":\"https:\\\/\\\/usurbiltzen.eus\\\/wp-content\\\/uploads\\\/2021\\\/10\\\/NBhasitaw.jpg\",\"contentUrl\":\"https:\\\/\\\/usurbiltzen.eus\\\/wp-content\\\/uploads\\\/2021\\\/10\\\/NBhasitaw.jpg\",\"width\":1500,\"height\":1000},{\"@type\":\"BreadcrumbList\",\"@id\":\"https:\\\/\\\/usurbiltzen.eus\\\/es\\\/proyectos\\\/nuevas-medidas-en-marcha\\\/#breadcrumb\",\"itemListElement\":[{\"@type\":\"ListItem\",\"position\":1,\"name\":\"Home\",\"item\":\"https:\\\/\\\/usurbiltzen.eus\\\/es\\\/\"},{\"@type\":\"ListItem\",\"position\":2,\"name\":\"Proiektuak\",\"item\":\"https:\\\/\\\/usurbiltzen.eus\\\/proiektuak\\\/\"},{\"@type\":\"ListItem\",\"position\":3,\"name\":\"Nuevas medidas: en marcha\"}]},{\"@type\":\"WebSite\",\"@id\":\"https:\\\/\\\/usurbiltzen.eus\\\/#website\",\"url\":\"https:\\\/\\\/usurbiltzen.eus\\\/\",\"name\":\"Usurbiltzen\",\"description\":\"Legealdiko plana\",\"publisher\":{\"@id\":\"https:\\\/\\\/usurbiltzen.eus\\\/#organization\"},\"potentialAction\":[{\"@type\":\"SearchAction\",\"target\":{\"@type\":\"EntryPoint\",\"urlTemplate\":\"https:\\\/\\\/usurbiltzen.eus\\\/?s={search_term_string}\"},\"query-input\":{\"@type\":\"PropertyValueSpecification\",\"valueRequired\":true,\"valueName\":\"search_term_string\"}}],\"inLanguage\":\"es\"},{\"@type\":\"Organization\",\"@id\":\"https:\\\/\\\/usurbiltzen.eus\\\/#organization\",\"name\":\"Usurbiltzen\",\"url\":\"https:\\\/\\\/usurbiltzen.eus\\\/\",\"logo\":{\"@type\":\"ImageObject\",\"inLanguage\":\"es\",\"@id\":\"https:\\\/\\\/usurbiltzen.eus\\\/#\\\/schema\\\/logo\\\/image\\\/\",\"url\":\"https:\\\/\\\/usurbiltzen.eus\\\/wp-content\\\/uploads\\\/2020\\\/01\\\/cropped-Usurbiltzen-logotipoa.png\",\"contentUrl\":\"https:\\\/\\\/usurbiltzen.eus\\\/wp-content\\\/uploads\\\/2020\\\/01\\\/cropped-Usurbiltzen-logotipoa.png\",\"width\":512,\"height\":512,\"caption\":\"Usurbiltzen\"},\"image\":{\"@id\":\"https:\\\/\\\/usurbiltzen.eus\\\/#\\\/schema\\\/logo\\\/image\\\/\"}}]}<\/script>\n<!-- \/ Yoast SEO plugin. -->","yoast_head_json":{"title":"Nuevas medidas: en marcha - Usurbiltzen","robots":{"index":"index","follow":"follow","max-snippet":"max-snippet:-1","max-image-preview":"max-image-preview:large","max-video-preview":"max-video-preview:-1"},"canonical":"https:\/\/usurbiltzen.eus\/es\/proyectos\/nuevas-medidas-en-marcha\/","og_locale":"es_ES","og_type":"article","og_title":"Nuevas medidas: en marcha - Usurbiltzen","og_description":"EN MARCHA Nuevas medidas Identidad popular Realizar seguimiento de las excavaciones de Aranzadi. Patrimonio Educaci\u00f3n Organizar cursillos sobre reanimaci\u00f3n pulmonar-coraz\u00f3n con la ayuda de DYA. Sociedad del bienestar Desarrollo econ\u00f3mico local Proceso participativo para crear y poner en marcha un nuevo ecosistema de cuidados. Investigaci\u00f3n etnogr\u00e1fica sobre la sidra y plan estrat\u00e9gico Pol\u00edticas sociales y [&hellip;]","og_url":"https:\/\/usurbiltzen.eus\/es\/proyectos\/nuevas-medidas-en-marcha\/","og_site_name":"Usurbiltzen","article_modified_time":"2022-12-28T12:11:07+00:00","og_image":[{"width":1500,"height":1000,"url":"https:\/\/usurbiltzen.eus\/wp-content\/uploads\/2021\/10\/NBhasitaw.jpg","type":"image\/jpeg"}],"twitter_card":"summary_large_image","twitter_misc":{"Tiempo de lectura":"2 minutos"},"schema":{"@context":"https:\/\/schema.org","@graph":[{"@type":"WebPage","@id":"https:\/\/usurbiltzen.eus\/es\/proyectos\/nuevas-medidas-en-marcha\/","url":"https:\/\/usurbiltzen.eus\/es\/proyectos\/nuevas-medidas-en-marcha\/","name":"Nuevas medidas: en marcha - Usurbiltzen","isPartOf":{"@id":"https:\/\/usurbiltzen.eus\/#website"},"primaryImageOfPage":{"@id":"https:\/\/usurbiltzen.eus\/es\/proyectos\/nuevas-medidas-en-marcha\/#primaryimage"},"image":{"@id":"https:\/\/usurbiltzen.eus\/es\/proyectos\/nuevas-medidas-en-marcha\/#primaryimage"},"thumbnailUrl":"https:\/\/usurbiltzen.eus\/wp-content\/uploads\/2021\/10\/NBhasitaw.jpg","datePublished":"2021-10-07T09:12:52+00:00","dateModified":"2022-12-28T12:11:07+00:00","breadcrumb":{"@id":"https:\/\/usurbiltzen.eus\/es\/proyectos\/nuevas-medidas-en-marcha\/#breadcrumb"},"inLanguage":"es","potentialAction":[{"@type":"ReadAction","target":["https:\/\/usurbiltzen.eus\/es\/proyectos\/nuevas-medidas-en-marcha\/"]}]},{"@type":"ImageObject","inLanguage":"es","@id":"https:\/\/usurbiltzen.eus\/es\/proyectos\/nuevas-medidas-en-marcha\/#primaryimage","url":"https:\/\/usurbiltzen.eus\/wp-content\/uploads\/2021\/10\/NBhasitaw.jpg","contentUrl":"https:\/\/usurbiltzen.eus\/wp-content\/uploads\/2021\/10\/NBhasitaw.jpg","width":1500,"height":1000},{"@type":"BreadcrumbList","@id":"https:\/\/usurbiltzen.eus\/es\/proyectos\/nuevas-medidas-en-marcha\/#breadcrumb","itemListElement":[{"@type":"ListItem","position":1,"name":"Home","item":"https:\/\/usurbiltzen.eus\/es\/"},{"@type":"ListItem","position":2,"name":"Proiektuak","item":"https:\/\/usurbiltzen.eus\/proiektuak\/"},{"@type":"ListItem","position":3,"name":"Nuevas medidas: en marcha"}]},{"@type":"WebSite","@id":"https:\/\/usurbiltzen.eus\/#website","url":"https:\/\/usurbiltzen.eus\/","name":"Usurbiltzen","description":"Legealdiko plana","publisher":{"@id":"https:\/\/usurbiltzen.eus\/#organization"},"potentialAction":[{"@type":"SearchAction","target":{"@type":"EntryPoint","urlTemplate":"https:\/\/usurbiltzen.eus\/?s={search_term_string}"},"query-input":{"@type":"PropertyValueSpecification","valueRequired":true,"valueName":"search_term_string"}}],"inLanguage":"es"},{"@type":"Organization","@id":"https:\/\/usurbiltzen.eus\/#organization","name":"Usurbiltzen","url":"https:\/\/usurbiltzen.eus\/","logo":{"@type":"ImageObject","inLanguage":"es","@id":"https:\/\/usurbiltzen.eus\/#\/schema\/logo\/image\/","url":"https:\/\/usurbiltzen.eus\/wp-content\/uploads\/2020\/01\/cropped-Usurbiltzen-logotipoa.png","contentUrl":"https:\/\/usurbiltzen.eus\/wp-content\/uploads\/2020\/01\/cropped-Usurbiltzen-logotipoa.png","width":512,"height":512,"caption":"Usurbiltzen"},"image":{"@id":"https:\/\/usurbiltzen.eus\/#\/schema\/logo\/image\/"}}]}},"_links":{"self":[{"href":"https:\/\/usurbiltzen.eus\/es\/wp-json\/wp\/v2\/proiektuak\/3252","targetHints":{"allow":["GET"]}}],"collection":[{"href":"https:\/\/usurbiltzen.eus\/es\/wp-json\/wp\/v2\/proiektuak"}],"about":[{"href":"https:\/\/usurbiltzen.eus\/es\/wp-json\/wp\/v2\/types\/proiektuak"}],"version-history":[{"count":17,"href":"https:\/\/usurbiltzen.eus\/es\/wp-json\/wp\/v2\/proiektuak\/3252\/revisions"}],"predecessor-version":[{"id":3552,"href":"https:\/\/usurbiltzen.eus\/es\/wp-json\/wp\/v2\/proiektuak\/3252\/revisions\/3552"}],"wp:featuredmedia":[{"embeddable":true,"href":"https:\/\/usurbiltzen.eus\/es\/wp-json\/wp\/v2\/media\/3243"}],"wp:attachment":[{"href":"https:\/\/usurbiltzen.eus\/es\/wp-json\/wp\/v2\/media?parent=3252"}],"wp:term":[{"taxonomy":"motak","embeddable":true,"href":"https:\/\/usurbiltzen.eus\/es\/wp-json\/wp\/v2\/motak?post=3252"},{"taxonomy":"egoera","embeddable":true,"href":"https:\/\/usurbiltzen.eus\/es\/wp-json\/wp\/v2\/egoera?post=3252"}],"curies":[{"name":"wp","href":"https:\/\/api.w.org\/{rel}","templated":true}]}}